{"id":92,"date":"2024-03-11T16:37:00","date_gmt":"2024-03-11T15:37:00","guid":{"rendered":"https:\/\/www.berlianne.com\/?page_id=92"},"modified":"2024-03-12T16:08:49","modified_gmt":"2024-03-12T15:08:49","slug":"datenschutzerklarung","status":"publish","type":"page","link":"https:\/\/www.berlianne.com\/de\/datenschutzerklarung\/","title":{"rendered":"DATENSCHUTZERKL\u00c4RUNG"},"content":{"rendered":"<div data-elementor-type=\"wp-page\" data-elementor-id=\"92\" class=\"elementor elementor-92\">\n\t\t\t\t<div class=\"elementor-element elementor-element-1fce2db e-flex e-con-boxed e-con e-parent\" data-id=\"1fce2db\" data-element_type=\"container\" data-e-type=\"container\" data-settings=\"{&quot;background_background&quot;:&quot;classic&quot;}\">\n\t\t\t\t\t<div class=\"e-con-inner\">\n\t\t\t\t<div class=\"elementor-element elementor-element-19365e7 elementor-widget elementor-widget-heading\" data-id=\"19365e7\" data-element_type=\"widget\" data-e-type=\"widget\" data-widget_type=\"heading.default\">\n\t\t\t\t<div class=\"elementor-widget-container\">\n\t\t\t\t\t<h2 class=\"elementor-heading-title elementor-size-default\">Datenschutzerklarung<\/h2>\t\t\t\t<\/div>\n\t\t\t\t<\/div>\n\t\t\t\t\t<\/div>\n\t\t\t\t<\/div>\n\t\t<div class=\"elementor-element elementor-element-03dd4bc e-flex e-con-boxed e-con e-parent\" data-id=\"03dd4bc\" data-element_type=\"container\" data-e-type=\"container\">\n\t\t\t\t\t<div class=\"e-con-inner\">\n\t\t\t\t<div class=\"elementor-element elementor-element-42733f7 elementor-widget elementor-widget-text-editor\" data-id=\"42733f7\" data-element_type=\"widget\" data-e-type=\"widget\" data-widget_type=\"text-editor.default\">\n\t\t\t\t<div class=\"elementor-widget-container\">\n\t\t\t\t\t\t\t\t\t<h1>DATENSCHUTZERKL\u00c4RUNG<\/h1><h1>EINLEITUNG<\/h1><p>Stand: 28. Januar 2023<\/p><h1>INHALTS\u00dcBERSICHT<\/h1><ul><li><a href=\"https:\/\/www.berlianne.com\/de\/datenschutzerklarung\/#m716\">Einleitung<\/a><\/li><li><a href=\"https:\/\/www.berlianne.com\/de\/datenschutzerklarung\/#m3\">Verantwortlicher<\/a><\/li><li><a href=\"https:\/\/www.berlianne.com\/de\/datenschutzerklarung\/#mOverview\">\u00dcbersicht der Verarbeitungen<\/a><\/li><li><a href=\"https:\/\/www.berlianne.com\/de\/datenschutzerklarung\/#m13\">Ma\u00dfgebliche Rechtsgrundlagen<\/a><\/li><li><a href=\"https:\/\/www.berlianne.com\/de\/datenschutzerklarung\/#m27\">Sicherheitsma\u00dfnahmen<\/a><\/li><li><a href=\"https:\/\/www.berlianne.com\/de\/datenschutzerklarung\/#m24\">Datenverarbeitung in Drittl\u00e4ndern<\/a><\/li><li><a href=\"https:\/\/www.berlianne.com\/de\/datenschutzerklarung\/#m12\">L\u00f6schung von Daten<\/a><\/li><li><a href=\"https:\/\/www.berlianne.com\/de\/datenschutzerklarung\/#m317\">Gesch\u00e4ftliche Leistungen<\/a><\/li><li><a href=\"https:\/\/www.berlianne.com\/de\/datenschutzerklarung\/#m225\">Bereitstellung des Onlineangebotes und Webhosting<\/a><\/li><li><a href=\"https:\/\/www.berlianne.com\/de\/datenschutzerklarung\/#m182\">Kontakt- und Anfragenverwaltung<\/a><\/li><li><a href=\"https:\/\/www.berlianne.com\/de\/datenschutzerklarung\/#m17\">Newsletter und elektronische Benachrichtigungen<\/a><\/li><li><a href=\"https:\/\/www.berlianne.com\/de\/datenschutzerklarung\/#m136\">Pr\u00e4senzen in sozialen Netzwerken (Social Media)<\/a><\/li><li><a href=\"https:\/\/www.berlianne.com\/de\/datenschutzerklarung\/#m15\">\u00c4nderung und Aktualisierung der Datenschutzerkl\u00e4rung<\/a><\/li><li><a href=\"https:\/\/www.berlianne.com\/de\/datenschutzerklarung\/#m10\">Rechte der betroffenen Personen<\/a><\/li><\/ul><h1>VERANTWORTLICHER<\/h1><p>Anne Derennes, Berlinale Illustration, Juliusstrasse 51, 12051 Berlin<\/p><p>E-Mail-Adresse:<\/p><p><a href=\"mailto:annette.derennes@gmail.com\">annette.derennes@gmail.com<\/a><\/p><p>Impressum:<\/p><p><a href=\"https:\/\/www.berlianne.com\/de\/impressum\/\">https:\/\/berlianne.com\/impressum\/<\/a><\/p><h1>\u00dcBERSICHT DER VERARBEITUNGEN<\/h1><p>Die nachfolgende \u00dcbersicht fasst die Arten der verarbeiteten Daten und die Zwecke ihrer Verarbeitung zusammen und verweist auf die betroffenen Personen.<\/p><h3>ARTEN DER VERARBEITETEN DATEN<\/h3><ul><li>Bestandsdaten.<\/li><li>Zahlungsdaten.<\/li><li>Kontaktdaten.<\/li><li>Inhaltsdaten.<\/li><li>Vertragsdaten.<\/li><li>Nutzungsdaten.<\/li><li>Meta-, Kommunikations- und Verfahrensdaten.<\/li><\/ul><h3>KATEGORIEN BETROFFENER PERSONEN<\/h3><ul><li>Kunden.<\/li><li>Interessenten.<\/li><li>Kommunikationspartner.<\/li><li>Nutzer.<\/li><li>Gesch\u00e4fts- und Vertragspartner.<\/li><\/ul><h3>ZWECKE DER VERARBEITUNG<\/h3><ul><li>Erbringung vertraglicher Leistungen und Kundenservice.<\/li><li>Kontaktanfragen und Kommunikation.<\/li><li>Sicherheitsma\u00dfnahmen.<\/li><li>Direktmarketing.<\/li><li>B\u00fcro- und Organisationsverfahren.<\/li><li>Verwaltung und Beantwortung von Anfragen.<\/li><li>Feedback.<\/li><li>Marketing.<\/li><li>Bereitstellung unseres Onlineangebotes und Nutzerfreundlichkeit.<\/li><li>Informationstechnische Infrastruktur.<\/li><\/ul><h3>MASSGEBLICHE RECHTSGRUNDLAGE<\/h3><p>Im Folgenden erhalten Sie eine \u00dcbersicht der Rechtsgrundlagen der DSGVO, auf deren Basis wir personenbezogene Daten verarbeiten. Bitte nehmen Sie zur Kenntnis, dass neben den Regelungen der DSGVO nationale Datenschutzvorgaben in Ihrem bzw. unserem Wohn- oder Sitzland gelten k\u00f6nnen. Sollten ferner im Einzelfall speziellere Rechtsgrundlagen ma\u00dfgeblich sein, teilen wir Ihnen diese in der Datenschutzerkl\u00e4rung mit.<\/p><ul><li><strong>Einwilligung (Art. 6 Abs. 1 S. 1 lit. a) DSGVO)<\/strong>\u00a0\u2013 Die betroffene Person hat ihre Einwilligung in die Verarbeitung der sie betreffenden personenbezogenen Daten f\u00fcr einen spezifischen Zweck oder mehrere bestimmte Zwecke gegeben.<\/li><li><strong>Vertragserf\u00fcllung und vorvertragliche Anfragen (Art. 6 Abs. 1 S. 1 lit. b) DSGVO)<\/strong>\u00a0\u2013 Die Verarbeitung ist f\u00fcr die Erf\u00fcllung eines Vertrags, dessen Vertragspartei die betroffene Person ist, oder zur Durchf\u00fchrung vorvertraglicher Ma\u00dfnahmen erforderlich, die auf Anfrage der betroffenen Person erfolgen.<\/li><li><strong>Rechtliche Verpflichtung (Art. 6 Abs. 1 S. 1 lit. c) DSGVO)<\/strong>\u00a0\u2013 Die Verarbeitung ist zur Erf\u00fcllung einer rechtlichen Verpflichtung erforderlich, der der Verantwortliche unterliegt.<\/li><li><strong>Berechtigte Interessen (Art. 6 Abs. 1 S. 1 lit. f) DSGVO)<\/strong>\u00a0\u2013 Die Verarbeitung ist zur Wahrung der berechtigten Interessen des Verantwortlichen oder eines Dritten erforderlich, sofern nicht die Interessen oder Grundrechte und Grundfreiheiten der betroffenen Person, die den Schutz personenbezogener Daten erfordern, \u00fcberwiegen.<\/li><\/ul><p>Zus\u00e4tzlich zu den Datenschutzregelungen der DSGVO gelten nationale Regelungen zum Datenschutz in Deutschland. Hierzu geh\u00f6rt insbesondere das Gesetz zum Schutz vor Missbrauch personenbezogener Daten bei der Datenverarbeitung (Bundesdatenschutzgesetz \u2013 BDSG). Das BDSG enth\u00e4lt insbesondere Spezialregelungen zum Recht auf Auskunft, zum Recht auf L\u00f6schung, zum Widerspruchsrecht, zur Verarbeitung besonderer Kategorien personenbezogener Daten, zur Verarbeitung f\u00fcr andere Zwecke und zur \u00dcbermittlung sowie automatisierten Entscheidungsfindung im Einzelfall einschlie\u00dflich Profiling. Des Weiteren regelt es die Datenverarbeitung f\u00fcr Zwecke des Besch\u00e4ftigungsverh\u00e4ltnisses (\u00a7 26 BDSG), insbesondere im Hinblick auf die Begr\u00fcndung, Durchf\u00fchrung oder Beendigung von Besch\u00e4ftigungsverh\u00e4ltnissen sowie die Einwilligung von Besch\u00e4ftigten. Ferner k\u00f6nnen Landesdatenschutzgesetze der einzelnen Bundesl\u00e4nder zur Anwendung gelangen.<\/p><h1>SICHERHEITSMASSNAHME<\/h1><p>Wir treffen nach Ma\u00dfgabe der gesetzlichen Vorgaben unter Ber\u00fccksichtigung des Stands der Technik, der Implementierungskosten und der Art, des Umfangs, der Umst\u00e4nde und der Zwecke der Verarbeitung sowie der unterschiedlichen Eintrittswahrscheinlichkeiten und des Ausma\u00dfes der Bedrohung der Rechte und Freiheiten nat\u00fcrlicher Personen geeignete technische und organisatorische Ma\u00dfnahmen, um ein dem Risiko angemessenes Schutzniveau zu gew\u00e4hrleisten.<\/p><p>Zu den Ma\u00dfnahmen geh\u00f6ren insbesondere die Sicherung der Vertraulichkeit, Integrit\u00e4t und Verf\u00fcgbarkeit von Daten durch Kontrolle des physischen und elektronischen Zugangs zu den Daten als auch des sie betreffenden Zugriffs, der Eingabe, der Weitergabe, der Sicherung der Verf\u00fcgbarkeit und ihrer Trennung. Des Weiteren haben wir Verfahren eingerichtet, die eine Wahrnehmung von Betroffenenrechten, die L\u00f6schung von Daten und Reaktionen auf die Gef\u00e4hrdung der Daten gew\u00e4hrleisten. Ferner ber\u00fccksichtigen wir den Schutz personenbezogener Daten bereits bei der Entwicklung bzw. Auswahl von Hardware, Software sowie Verfahren entsprechend dem Prinzip des Datenschutzes, durch Technikgestaltung und durch datenschutzfreundliche Voreinstellungen.<\/p><h1>DATENVERARBEITUNG IN DRITTL\u00c4NDERN<\/h1><p>Sofern wir Daten in einem Drittland (d.h., au\u00dferhalb der Europ\u00e4ischen Union (EU), des Europ\u00e4ischen Wirtschaftsraums (EWR)) verarbeiten oder die Verarbeitung im Rahmen der Inanspruchnahme von Diensten Dritter oder der Offenlegung bzw. \u00dcbermittlung von Daten an andere Personen, Stellen oder Unternehmen stattfindet, erfolgt dies nur im Einklang mit den gesetzlichen Vorgaben.<\/p><p>Vorbehaltlich ausdr\u00fccklicher Einwilligung oder vertraglich oder gesetzlich erforderlicher \u00dcbermittlung verarbeiten oder lassen wir die Daten nur in Drittl\u00e4ndern mit einem anerkannten Datenschutzniveau, vertraglichen Verpflichtung durch sogenannte Standardschutzklauseln der EU-Kommission, beim Vorliegen von Zertifizierungen oder verbindlicher internen Datenschutzvorschriften verarbeiten (Art. 44 bis 49 DSGVO, Informationsseite der EU-Kommission:\u00a0<a href=\"https:\/\/ec.europa.eu\/info\/law\/law-topic\/data-protection\/international-dimension-data-protection_de\">https:\/\/ec.europa.eu\/info\/law\/law-topic\/data-protection\/international-dimension-data-protection_de<\/a>).<\/p><h1>L\u00d6SCHUNG VON DATEN<\/h1><p>Die von uns verarbeiteten Daten werden nach Ma\u00dfgabe der gesetzlichen Vorgaben gel\u00f6scht, sobald deren zur Verarbeitung erlaubten Einwilligungen widerrufen werden oder sonstige Erlaubnisse entfallen (z.B. wenn der Zweck der Verarbeitung dieser Daten entfallen ist oder sie f\u00fcr den Zweck nicht erforderlich sind). Sofern die Daten nicht gel\u00f6scht werden, weil sie f\u00fcr andere und gesetzlich zul\u00e4ssige Zwecke erforderlich sind, wird deren Verarbeitung auf diese Zwecke beschr\u00e4nkt. D.h., die Daten werden gesperrt und nicht f\u00fcr andere Zwecke verarbeitet. Das gilt z.B. f\u00fcr Daten, die aus handels- oder steuerrechtlichen Gr\u00fcnden aufbewahrt werden m\u00fcssen oder deren Speicherung zur Geltendmachung, Aus\u00fcbung oder Verteidigung von Rechtsanspr\u00fcchen oder zum Schutz der Rechte einer anderen nat\u00fcrlichen oder juristischen Person erforderlich ist.<\/p><p>Im Rahmen unserer Datenschutzhinweise k\u00f6nnen wir den Nutzern weitere Informationen zu der L\u00f6schung sowie zu der Aufbewahrung von Daten mitteilen, die speziell f\u00fcr die jeweiligen Verarbeitungsprozesses gelten.<\/p><h1>GESCH\u00c4FTLICHE LEISTUNGEN<\/h1><p>Wir verarbeiten Daten unserer Vertrags- und Gesch\u00e4ftspartner, z.B. Kunden und Interessenten (zusammenfassend bezeichnet als \u00ab\u00a0Vertragspartner\u00a0\u00bb) im Rahmen von vertraglichen und vergleichbaren Rechtsverh\u00e4ltnissen sowie damit verbundenen Ma\u00dfnahmen und im Rahmen der Kommunikation mit den Vertragspartnern (oder vorvertraglich), z.B., um Anfragen zu beantworten.<\/p><p>Wir verarbeiten diese Daten, um unsere vertraglichen Verpflichtungen zu erf\u00fcllen. Dazu geh\u00f6ren insbesondere die Verpflichtungen zur Erbringung der vereinbarten Leistungen, etwaige Aktualisierungspflichten und Abhilfe bei Gew\u00e4hrleistungs- und sonstigen Leistungsst\u00f6rungen. Dar\u00fcber hinaus verarbeiten wir die Daten zur Wahrung unserer Rechte und zum Zwecke der mit diesen Pflichten verbundenen Verwaltungsaufgaben sowie der Unternehmensorganisation. Dar\u00fcber hinaus verarbeiten wir die Daten auf Grundlage unserer berechtigten Interessen an einer ordnungsgem\u00e4\u00dfen und betriebswirtschaftlichen Gesch\u00e4ftsf\u00fchrung sowie an Sicherheitsma\u00dfnahmen zum Schutz unserer Vertragspartner und unseres Gesch\u00e4ftsbetriebes vor Missbrauch, Gef\u00e4hrdung ihrer Daten, Geheimnisse, Informationen und Rechte (z.B. zur Beteiligung von Telekommunikations-, Transport- und sonstigen Hilfsdiensten sowie Subunternehmern, Banken, Steuer- und Rechtsberatern, Zahlungsdienstleistern oder Finanzbeh\u00f6rden). Im Rahmen des geltenden Rechts geben wir die Daten von Vertragspartnern nur insoweit an Dritte weiter, als dies f\u00fcr die vorgenannten Zwecke oder zur Erf\u00fcllung gesetzlicher Pflichten erforderlich ist. \u00dcber weitere Formen der Verarbeitung, z.B. zu Marketingzwecken, werden die Vertragspartner im Rahmen dieser Datenschutzerkl\u00e4rung informiert.<\/p><p>Welche Daten f\u00fcr die vorgenannten Zwecke erforderlich sind, teilen wir den Vertragspartnern vor oder im Rahmen der Datenerhebung, z.B. in Onlineformularen, durch besondere Kennzeichnung (z.B. Farben) bzw. Symbole (z.B. Sternchen o.\u00e4.), oder pers\u00f6nlich mit.<\/p><p>Wir l\u00f6schen die Daten nach Ablauf gesetzlicher Gew\u00e4hrleistungs- und vergleichbarer Pflichten, d.h., grunds\u00e4tzlich nach Ablauf von 4 Jahren, es sei denn, dass die Daten in einem Kundenkonto gespeichert werden, z.B., solange sie aus gesetzlichen Gr\u00fcnden der Archivierung aufbewahrt werden m\u00fcssen. Die gesetzliche Aufbewahrungsfrist betr\u00e4gt bei steuerrechtlich relevanten Unterlagen sowie bei Handelsb\u00fcchern, Inventaren, Er\u00f6ffnungsbilanzen, Jahresabschl\u00fcssen, die zum Verst\u00e4ndnis dieser Unterlagen erforderlichen Arbeitsanweisungen und sonstigen Organisationsunterlagen und Buchungsbelegen zehn Jahre sowie bei empfangenen Handels- und Gesch\u00e4ftsbriefen und Wiedergaben der abgesandten Handels- und Gesch\u00e4ftsbriefe sechs Jahre. Die Frist beginnt mit Ablauf des Kalenderjahres, in dem die letzte Eintragung in das Buch gemacht, das Inventar, die Er\u00f6ffnungsbilanz, der Jahresabschluss oder der Lagebericht aufgestellt, der Handels- oder Gesch\u00e4ftsbrief empfangen oder abgesandt worden oder der Buchungsbeleg entstanden ist, ferner die Aufzeichnung vorgenommen worden ist oder die sonstigen Unterlagen entstanden sind.<\/p><p>Soweit wir zur Erbringung unserer Leistungen Drittanbieter oder Plattformen einsetzen, gelten im Verh\u00e4ltnis zwischen den Nutzern und den Anbietern die Gesch\u00e4ftsbedingungen und Datenschutzhinweise der jeweiligen Drittanbieter oder Plattformen.<\/p><ul><li><strong>Verarbeitete Datenarten:<\/strong>\u00a0Bestandsdaten (z.B. Namen, Adressen); Zahlungsdaten (z.B. Bankverbindungen, Rechnungen, Zahlungshistorie); Kontaktdaten (z.B. E-Mail, Telefonnummern); Vertragsdaten (z.B. Vertragsgegenstand, Laufzeit, Kundenkategorie); Nutzungsdaten (z.B. besuchte Webseiten, Interesse an Inhalten, Zugriffszeiten); Meta-, Kommunikations- und Verfahrensdaten (z. B. IP-Adressen, Zeitangaben, Identifikationsnummern, Einwilligungsstatus).<\/li><li><strong>Betroffene Personen:<\/strong>\u00a0Kunden; Interessenten; Gesch\u00e4fts- und Vertragspartner.<\/li><li><strong>Zwecke der Verarbeitung:<\/strong>\u00a0Erbringung vertraglicher Leistungen und Kundenservice; Sicherheitsma\u00dfnahmen; Kontaktanfragen und Kommunikation; B\u00fcro- und Organisationsverfahren; Verwaltung und Beantwortung von Anfragen.<\/li><li><strong>Rechtsgrundlagen:<\/strong>\u00a0Vertragserf\u00fcllung und vorvertragliche Anfragen (Art. 6 Abs. 1 S. 1 lit. b) DSGVO); Rechtliche Verpflichtung (Art. 6 Abs. 1 S. 1 lit. c) DSGVO); Berechtigte Interessen (Art. 6 Abs. 1 S. 1 lit. f) DSGVO).<\/li><\/ul><p><strong>Weitere Hinweise zu Verarbeitungsprozessen, Verfahren und Diensten:<\/strong><\/p><ul><li><strong>Shop und E-Commerce:<\/strong>\u00a0Wir verarbeiten die Daten unserer Kunden, um ihnen die Auswahl, den Erwerb, bzw. die Bestellung der gew\u00e4hlten Produkte, Waren sowie verbundener Leistungen, als auch deren Bezahlung und Zustellung, bzw. Ausf\u00fchrung zu erm\u00f6glichen. Sofern f\u00fcr die Ausf\u00fchrung einer Bestellung erforderlich, setzen wir Dienstleister, insbesondere Post-, Speditions- und Versandunternehmen ein, um die Lieferung, bzw. Ausf\u00fchrung gegen\u00fcber unseren Kunden durchzuf\u00fchren. F\u00fcr die Abwicklung der Zahlungsvorg\u00e4nge nehmen wir die Dienste von Banken und Zahlungsdienstleistern in Anspruch. Die erforderlichen Angaben sind als solche im Rahmen des Bestell- bzw. vergleichbaren Erwerbsvorgangs gekennzeichnet und umfassen die zur Auslieferung, bzw. Zurverf\u00fcgungstellung und Abrechnung ben\u00f6tigten Angaben sowie Kontaktinformationen, um etwaige R\u00fccksprache halten zu k\u00f6nnen;\u00a0<strong>Rechtsgrundlagen:<\/strong>\u00a0Vertragserf\u00fcllung und vorvertragliche Anfragen (Art. 6 Abs. 1 S. 1 lit. b) DSGVO).<\/li><\/ul><h1>BEREITSTELLUNG DES ONLINEANGEBOTES UND WEBHOSTING<\/h1><p>Wir verarbeiten die Daten der Nutzer, um ihnen unsere Online-Dienste zur Verf\u00fcgung stellen zu k\u00f6nnen. Zu diesem Zweck verarbeiten wir die IP-Adresse des Nutzers, die notwendig ist, um die Inhalte und Funktionen unserer Online-Dienste an den Browser oder das Endger\u00e4t der Nutzer zu \u00fcbermitteln.<\/p><ul><li><strong>Verarbeitete Datenarten:<\/strong>\u00a0Nutzungsdaten (z.B. besuchte Webseiten, Interesse an Inhalten, Zugriffszeiten); Meta-, Kommunikations- und Verfahrensdaten (z. B. IP-Adressen, Zeitangaben, Identifikationsnummern, Einwilligungsstatus); Inhaltsdaten (z.B. Eingaben in Onlineformularen).<\/li><li><strong>Betroffene Personen:<\/strong>\u00a0Nutzer (z.B. Webseitenbesucher, Nutzer von Onlinediensten).<\/li><li><strong>Zwecke der Verarbeitung:<\/strong>\u00a0Bereitstellung unseres Onlineangebotes und Nutzerfreundlichkeit; Informationstechnische Infrastruktur (Betrieb und Bereitstellung von Informationssystemen und technischen Ger\u00e4ten (Computer, Server etc.).); Sicherheitsma\u00dfnahmen.<\/li><li><strong>Rechtsgrundlagen:<\/strong>\u00a0Berechtigte Interessen (Art. 6 Abs. 1 S. 1 lit. f) DSGVO).<\/li><\/ul><p><strong>Weitere Hinweise zu Verarbeitungsprozessen, Verfahren und Diensten:<\/strong><\/p><ul><li><strong>Erhebung von Zugriffsdaten und Logfiles:<\/strong>\u00a0Der Zugriff auf unser Onlineangebot wird in Form von so genannten \u00ab\u00a0Server-Logfiles\u00a0\u00bb protokolliert. Zu den Serverlogfiles k\u00f6nnen die Adresse und Name der abgerufenen Webseiten und Dateien, Datum und Uhrzeit des Abrufs, \u00fcbertragene Datenmengen, Meldung \u00fcber erfolgreichen Abruf, Browsertyp nebst Version, das Betriebssystem des Nutzers, Referrer URL (die zuvor besuchte Seite) und im Regelfall IP-Adressen und der anfragende Provider geh\u00f6ren. Die Serverlogfiles k\u00f6nnen zum einen zu Zwecken der Sicherheit eingesetzt werden, z.B., um eine \u00dcberlastung der Server zu vermeiden (insbesondere im Fall von missbr\u00e4uchlichen Angriffen, sogenannten DDoS-Attacken) und zum anderen, um die Auslastung der Server und ihre Stabilit\u00e4t sicherzustellen;\u00a0<strong>Rechtsgrundlagen:<\/strong>\u00a0Berechtigte Interessen (Art. 6 Abs. 1 S. 1 lit. f) DSGVO);\u00a0<strong>L\u00f6schung von Daten:<\/strong>\u00a0Logfile-Informationen werden f\u00fcr die Dauer von maximal 30 Tagen gespeichert und danach gel\u00f6scht oder anonymisiert. Daten, deren weitere Aufbewahrung zu Beweiszwecken erforderlich ist, sind bis zur endg\u00fcltigen Kl\u00e4rung des jeweiligen Vorfalls von der L\u00f6schung ausgenommen.<\/li><li><strong><a href=\"http:\/\/WordPress.com\">WordPress.com<\/a>:<\/strong>\u00a0Hosting und Software f\u00fcr die Erstellung, Bereitstellung und den Betrieb von Websites, Blogs und anderen Onlineangeboten;\u00a0<strong>Dienstanbieter:<\/strong>\u00a0Aut O\u2019Mattic A8C Irland Ltd., Grand Canal Dock, 25 Herbert Pl, Dublin, D02 AY86, Irland;\u00a0<strong>Rechtsgrundlagen:<\/strong>\u00a0Berechtigte Interessen (Art. 6 Abs. 1 S. 1 lit. f) DSGVO);\u00a0<strong>Website:<\/strong>\u00a0<a href=\"https:\/\/wordpress.com\">https:\/\/wordpress.com<\/a>;\u00a0<strong>Datenschutzerkl\u00e4rung:<\/strong>\u00a0<a href=\"https:\/\/automattic.com\/de\/privacy\/\">https:\/\/automattic.com\/de\/privacy\/<\/a>;\u00a0<strong>Auftragsverarbeitungsvertrag:<\/strong>\u00a0<a href=\"https:\/\/wordpress.com\/support\/data-processing-agreements\/\">https:\/\/wordpress.com\/support\/data-processing-agreements\/<\/a>.<\/li><\/ul><h1>KONTAKT- UND ANFRAGENVERWALTUNG<\/h1><p>Bei der Kontaktaufnahme mit uns (z.B. per Kontaktformular, E-Mail, Telefon oder via soziale Medien) sowie im Rahmen bestehender Nutzer- und Gesch\u00e4ftsbeziehungen werden die Angaben der anfragenden Personen verarbeitet soweit dies zur Beantwortung der Kontaktanfragen und etwaiger angefragter Ma\u00dfnahmen erforderlich ist.<\/p><ul><li><strong>Verarbeitete Datenarten:<\/strong>\u00a0Kontaktdaten (z.B. E-Mail, Telefonnummern); Inhaltsdaten (z.B. Eingaben in Onlineformularen); Nutzungsdaten (z.B. besuchte Webseiten, Interesse an Inhalten, Zugriffszeiten); Meta-, Kommunikations- und Verfahrensdaten (z. B. IP-Adressen, Zeitangaben, Identifikationsnummern, Einwilligungsstatus).<\/li><li><strong>Betroffene Personen:<\/strong>\u00a0Kommunikationspartner.<\/li><li><strong>Zwecke der Verarbeitung:<\/strong>\u00a0Kontaktanfragen und Kommunikation; Verwaltung und Beantwortung von Anfragen; Feedback (z.B. Sammeln von Feedback via Online-Formular); Bereitstellung unseres Onlineangebotes und Nutzerfreundlichkeit.<\/li><li><strong>Rechtsgrundlagen:<\/strong>\u00a0Berechtigte Interessen (Art. 6 Abs. 1 S. 1 lit. f) DSGVO); Vertragserf\u00fcllung und vorvertragliche Anfragen (Art. 6 Abs. 1 S. 1 lit. b) DSGVO).<\/li><\/ul><p><strong>Weitere Hinweise zu Verarbeitungsprozessen, Verfahren und Diensten:<\/strong><\/p><ul><li><strong>Kontaktformular:<\/strong>\u00a0Wenn Nutzer \u00fcber unser Kontaktformular, E-Mail oder andere Kommunikationswege mit uns in Kontakt treten, verarbeiten wir die uns in diesem Zusammenhang mitgeteilten Daten zur Bearbeitung des mitgeteilten Anliegens;\u00a0<strong>Rechtsgrundlagen:<\/strong>\u00a0Vertragserf\u00fcllung und vorvertragliche Anfragen (Art. 6 Abs. 1 S. 1 lit. b) DSGVO), Berechtigte Interessen (Art. 6 Abs. 1 S. 1 lit. f) DSGVO).<\/li><\/ul><h1>NEWSLETTER UND ELEKTRONISCHE BENACHRICHTIGUNGEN<\/h1><p>Wir versenden Newsletter, E-Mails und weitere elektronische Benachrichtigungen (nachfolgend \u00ab\u00a0Newsletter\u201c) nur mit der Einwilligung der Empf\u00e4nger oder einer gesetzlichen Erlaubnis. Sofern im Rahmen einer Anmeldung zum Newsletter dessen Inhalte konkret umschrieben werden, sind sie f\u00fcr die Einwilligung der Nutzer ma\u00dfgeblich. Im \u00dcbrigen enthalten unsere Newsletter Informationen zu unseren Leistungen und uns.<\/p><p>Um sich zu unseren Newslettern anzumelden, reicht es grunds\u00e4tzlich aus, wenn Sie Ihre E-Mail-Adresse angeben. Wir k\u00f6nnen Sie jedoch bitten, einen Namen, zwecks pers\u00f6nlicher Ansprache im Newsletter, oder weitere Angaben, sofern diese f\u00fcr die Zwecke des Newsletters erforderlich sind, zu t\u00e4tigen.<\/p><p><strong>Double-Opt-In-Verfahren:<\/strong>\u00a0Die Anmeldung zu unserem Newsletter erfolgt grunds\u00e4tzlich in einem sogenannte Double-Opt-In-Verfahren. D.h., Sie erhalten nach der Anmeldung eine E-Mail, in der Sie um die Best\u00e4tigung Ihrer Anmeldung gebeten werden. Diese Best\u00e4tigung ist notwendig, damit sich niemand mit fremden E-Mail-Adressen anmelden kann. Die Anmeldungen zum Newsletter werden protokolliert, um den Anmeldeprozess entsprechend den rechtlichen Anforderungen nachweisen zu k\u00f6nnen. Hierzu geh\u00f6rt die Speicherung des Anmelde- und des Best\u00e4tigungszeitpunkts als auch der IP-Adresse. Ebenso werden die \u00c4nderungen Ihrer bei dem Versanddienstleister gespeicherten Daten protokolliert.<\/p><p><strong>L\u00f6schung und Einschr\u00e4nkung der Verarbeitung:<\/strong>\u00a0Wir k\u00f6nnen die ausgetragenen E-Mail-Adressen bis zu drei Jahren auf Grundlage unserer berechtigten Interessen speichern, bevor wir sie l\u00f6schen, um eine ehemals gegebene Einwilligung nachweisen zu k\u00f6nnen. Die Verarbeitung dieser Daten wird auf den Zweck einer m\u00f6glichen Abwehr von Anspr\u00fcchen beschr\u00e4nkt. Ein individueller L\u00f6schungsantrag ist jederzeit m\u00f6glich, sofern zugleich das ehemalige Bestehen einer Einwilligung best\u00e4tigt wird. Im Fall von Pflichten zur dauerhaften Beachtung von Widerspr\u00fcchen behalten wir uns die Speicherung der E-Mail-Adresse alleine zu diesem Zweck in einer Sperrliste (sogenannte \u00ab\u00a0Blocklist\u00a0\u00bb) vor.<\/p><p>Die Protokollierung des Anmeldeverfahrens erfolgt auf Grundlage unserer berechtigten Interessen zu Zwecken des Nachweises seines ordnungsgem\u00e4\u00dfen Ablaufs. Soweit wir einen Dienstleister mit dem Versand von E-Mails beauftragen, erfolgt dies auf Grundlage unserer berechtigten Interessen an einem effizienten und sicheren Versandsystem.<\/p><ul><li><strong>Verarbeitete Datenarten:<\/strong>\u00a0Bestandsdaten (z.B. Namen, Adressen); Kontaktdaten (z.B. E-Mail, Telefonnummern); Meta-, Kommunikations- und Verfahrensdaten (z. B. IP-Adressen, Zeitangaben, Identifikationsnummern, Einwilligungsstatus).<\/li><li><strong>Betroffene Personen:<\/strong>\u00a0Kommunikationspartner.<\/li><li><strong>Zwecke der Verarbeitung:<\/strong>\u00a0Direktmarketing (z.B. per E-Mail oder postalisch).<\/li><li><strong>Rechtsgrundlagen:<\/strong>\u00a0Einwilligung (Art. 6 Abs. 1 S. 1 lit. a) DSGVO).<\/li><li><strong>Widerspruchsm\u00f6glichkeit (Opt-Out):<\/strong>\u00a0Sie k\u00f6nnen den Empfang unseres Newsletters jederzeit k\u00fcndigen, d.h. Ihre Einwilligungen widerrufen, bzw. dem weiteren Empfang widersprechen. Einen Link zur K\u00fcndigung des Newsletters finden Sie entweder am Ende eines jeden Newsletters oder k\u00f6nnen sonst eine der oben angegebenen Kontaktm\u00f6glichkeiten, vorzugsw\u00fcrdig E-Mail, hierzu nutzen.<\/li><\/ul><h1>PR\u00c4SENZEN IN SOZIALEN NETZWERKEN (SOCIAL MEDIA)<\/h1><p>Wir unterhalten Onlinepr\u00e4senzen innerhalb sozialer Netzwerke und verarbeiten in diesem Rahmen Daten der Nutzer, um mit den dort aktiven Nutzern zu kommunizieren oder um Informationen \u00fcber uns anzubieten.<\/p><p>Wir weisen darauf hin, dass dabei Daten der Nutzer au\u00dferhalb des Raumes der Europ\u00e4ischen Union verarbeitet werden k\u00f6nnen. Hierdurch k\u00f6nnen sich f\u00fcr die Nutzer Risiken ergeben, weil so z.B. die Durchsetzung der Rechte der Nutzer erschwert werden k\u00f6nnte.<\/p><p>Ferner werden die Daten der Nutzer innerhalb sozialer Netzwerke im Regelfall f\u00fcr Marktforschungs- und Werbezwecke verarbeitet. So k\u00f6nnen z.B. anhand des Nutzungsverhaltens und sich daraus ergebender Interessen der Nutzer Nutzungsprofile erstellt werden. Die Nutzungsprofile k\u00f6nnen wiederum verwendet werden, um z.B. Werbeanzeigen innerhalb und au\u00dferhalb der Netzwerke zu schalten, die mutma\u00dflich den Interessen der Nutzer entsprechen. Zu diesen Zwecken werden im Regelfall Cookies auf den Rechnern der Nutzer gespeichert, in denen das Nutzungsverhalten und die Interessen der Nutzer gespeichert werden. Ferner k\u00f6nnen in den Nutzungsprofilen auch Daten unabh\u00e4ngig der von den Nutzern verwendeten Ger\u00e4te gespeichert werden (insbesondere, wenn die Nutzer Mitglieder der jeweiligen Plattformen sind und bei diesen eingeloggt sind).<\/p><p>F\u00fcr eine detaillierte Darstellung der jeweiligen Verarbeitungsformen und der Widerspruchsm\u00f6glichkeiten (Opt-Out) verweisen wir auf die Datenschutzerkl\u00e4rungen und Angaben der Betreiber der jeweiligen Netzwerke.<\/p><p>Auch im Fall von Auskunftsanfragen und der Geltendmachung von Betroffenenrechten weisen wir darauf hin, dass diese am effektivsten bei den Anbietern geltend gemacht werden k\u00f6nnen. Nur die Anbieter haben jeweils Zugriff auf die Daten der Nutzer und k\u00f6nnen direkt entsprechende Ma\u00dfnahmen ergreifen und Ausk\u00fcnfte geben. Sollten Sie dennoch Hilfe ben\u00f6tigen, dann k\u00f6nnen Sie sich an uns wenden.<\/p><ul><li><strong>Verarbeitete Datenarten:<\/strong>\u00a0Kontaktdaten (z.B. E-Mail, Telefonnummern); Inhaltsdaten (z.B. Eingaben in Onlineformularen); Nutzungsdaten (z.B. besuchte Webseiten, Interesse an Inhalten, Zugriffszeiten); Meta-, Kommunikations- und Verfahrensdaten (z. B. IP-Adressen, Zeitangaben, Identifikationsnummern, Einwilligungsstatus).<\/li><li><strong>Betroffene Personen:<\/strong>\u00a0Nutzer (z.B. Webseitenbesucher, Nutzer von Onlinediensten).<\/li><li><strong>Zwecke der Verarbeitung:<\/strong>\u00a0Kontaktanfragen und Kommunikation; Feedback (z.B. Sammeln von Feedback via Online-Formular); Marketing.<\/li><li><strong>Rechtsgrundlagen:<\/strong>\u00a0Berechtigte Interessen (Art. 6 Abs. 1 S. 1 lit. f) DSGVO).<\/li><\/ul><p><strong>Weitere Hinweise zu Verarbeitungsprozessen, Verfahren und Diensten:<\/strong><\/p><ul><li><strong>Instagram:<\/strong>\u00a0Soziales Netzwerk;\u00a0<strong>Dienstanbieter:<\/strong>\u00a0Meta Platforms Irland Limited, 4 Grand Canal Square, Grand Canal Harbour, Dublin 2, Irland;\u00a0<strong>Rechtsgrundlagen:<\/strong>\u00a0Berechtigte Interessen (Art. 6 Abs. 1 S. 1 lit. f) DSGVO);\u00a0<strong>Website:<\/strong>\u00a0<a href=\"https:\/\/www.instagram.com\">https:\/\/www.instagram.com<\/a>;\u00a0<strong>Datenschutzerkl\u00e4rung:<\/strong>\u00a0<a href=\"https:\/\/instagram.com\/about\/legal\/privacy\">https:\/\/instagram.com\/about\/legal\/privacy<\/a>.<\/li><\/ul><h1>\u00c4NDERUNG UND AKTUALISIERUNG DER DATENSCHUTZERKL\u00c4RUNG<\/h1><p>Wir bitten Sie, sich regelm\u00e4\u00dfig \u00fcber den Inhalt unserer Datenschutzerkl\u00e4rung zu informieren. Wir passen die Datenschutzerkl\u00e4rung an, sobald die \u00c4nderungen der von uns durchgef\u00fchrten Datenverarbeitungen dies erforderlich machen. Wir informieren Sie, sobald durch die \u00c4nderungen eine Mitwirkungshandlung Ihrerseits (z.B. Einwilligung) oder eine sonstige individuelle Benachrichtigung erforderlich wird.<\/p><p>Sofern wir in dieser Datenschutzerkl\u00e4rung Adressen und Kontaktinformationen von Unternehmen und Organisationen angeben, bitten wir zu beachten, dass die Adressen sich \u00fcber die Zeit \u00e4ndern k\u00f6nnen und bitten die Angaben vor Kontaktaufnahme zu pr\u00fcfen.<\/p><h1>RECHTE DER BETROFFENEN PERSONEN<\/h1><p>Ihnen stehen als Betroffene nach der DSGVO verschiedene Rechte zu, die sich insbesondere aus Art. 15 bis 21 DSGVO ergeben:<\/p><ul><li><strong>Widerspruchsrecht: Sie haben das Recht, aus Gr\u00fcnden, die sich aus Ihrer besonderen Situation ergeben, jederzeit gegen die Verarbeitung der Sie betreffenden personenbezogenen Daten, die aufgrund von Art. 6 Abs. 1 lit. e oder f DSGVO erfolgt, Widerspruch einzulegen; dies gilt auch f\u00fcr ein auf diese Bestimmungen gest\u00fctztes Profiling. Werden die Sie betreffenden personenbezogenen Daten verarbeitet, um Direktwerbung zu betreiben, haben Sie das Recht, jederzeit Widerspruch gegen die Verarbeitung der Sie betreffenden personenbezogenen Daten zum Zwecke derartiger Werbung einzulegen; dies gilt auch f\u00fcr das Profiling, soweit es mit solcher Direktwerbung in Verbindung steht.<\/strong><\/li><li><strong>Widerrufsrecht bei Einwilligungen:<\/strong>\u00a0Sie haben das Recht, erteilte Einwilligungen jederzeit zu widerrufen.<\/li><li><strong>Auskunftsrecht:<\/strong>\u00a0Sie haben das Recht, eine Best\u00e4tigung dar\u00fcber zu verlangen, ob betreffende Daten verarbeitet werden und auf Auskunft \u00fcber diese Daten sowie auf weitere Informationen und Kopie der Daten entsprechend den gesetzlichen Vorgaben.<\/li><li><strong>Recht auf Berichtigung:<\/strong>\u00a0Sie haben entsprechend den gesetzlichen Vorgaben das Recht, die Vervollst\u00e4ndigung der Sie betreffenden Daten oder die Berichtigung der Sie betreffenden unrichtigen Daten zu verlangen.<\/li><li><strong>Recht auf L\u00f6schung und Einschr\u00e4nkung der Verarbeitung:<\/strong>\u00a0Sie haben nach Ma\u00dfgabe der gesetzlichen Vorgaben das Recht, zu verlangen, dass Sie betreffende Daten unverz\u00fcglich gel\u00f6scht werden, bzw. alternativ nach Ma\u00dfgabe der gesetzlichen Vorgaben eine Einschr\u00e4nkung der Verarbeitung der Daten zu verlangen.<\/li><li><strong>Recht auf Daten\u00fcbertragbarkeit:<\/strong>\u00a0Sie haben das Recht, Sie betreffende Daten, die Sie uns bereitgestellt haben, nach Ma\u00dfgabe der gesetzlichen Vorgaben in einem strukturierten, g\u00e4ngigen und maschinenlesbaren Format zu erhalten oder deren \u00dcbermittlung an einen anderen Verantwortlichen zu fordern.<\/li><li><strong>Beschwerde bei Aufsichtsbeh\u00f6rde:<\/strong>\u00a0Entsprechend den gesetzlichen Vorgaben und unbeschadet eines anderweitigen verwaltungsrechtlichen oder gerichtlichen Rechtsbehelfs, haben Sie ferner das Recht, bei einer Datenschutzaufsichtsbeh\u00f6rde, insbesondere einer Aufsichtsbeh\u00f6rde im Mitgliedstaat, in dem Sie sich gew\u00f6hnlich aufhalten, der Aufsichtsbeh\u00f6rde Ihres Arbeitsplatzes oder des Ortes des mutma\u00dflichen Versto\u00dfes, eine Beschwerde einzulegen, wenn Sie der Ansicht sei sollten, dass die Verarbeitung der Ihre Person betreffenden personenbezogenen Daten gegen die DSGVO verst\u00f6\u00dft.<\/li><\/ul><p><a href=\"https:\/\/datenschutz-generator.de\/\">Erstellt mit kostenlosem Datenschutz-Generator.de von Dr. Thomas Schwenke<\/a><\/p><p class=\"p1\"><!-- notionvc: 33279fd3-700f-49f5-a162-226957603c7a --><\/p>\t\t\t\t\t\t\t\t<\/div>\n\t\t\t\t<\/div>\n\t\t<div class=\"elementor-element elementor-element-1ab988b e-flex e-con-boxed e-con e-child\" data-id=\"1ab988b\" data-element_type=\"container\" data-e-type=\"container\" data-settings=\"{&quot;background_background&quot;:&quot;classic&quot;}\">\n\t\t\t\t\t<div class=\"e-con-inner\">\n\t\t\t\t<div class=\"elementor-element elementor-element-84bb8bb elementor-widget elementor-widget-heading\" data-id=\"84bb8bb\" data-element_type=\"widget\" data-e-type=\"widget\" data-widget_type=\"heading.default\">\n\t\t\t\t<div class=\"elementor-widget-container\">\n\t\t\t\t\t<h2 class=\"elementor-heading-title elementor-size-default\">AGB<\/h2>\t\t\t\t<\/div>\n\t\t\t\t<\/div>\n\t\t\t\t\t<\/div>\n\t\t\t\t<\/div>\n\t\t\t\t\t<\/div>\n\t\t\t\t<\/div>\n\t\t\t\t<\/div>","protected":false},"excerpt":{"rendered":"<p>Datenschutzerklarung DATENSCHUTZERKL\u00c4RUNG EINLEITUNG Stand: 28. Januar 2023 INHALTS\u00dcBERSICHT Einleitung Verantwortlicher \u00dcbersicht der Verarbeitungen Ma\u00dfgebliche Rechtsgrundlagen Sicherheitsma\u00dfnahmen Datenverarbeitung in Drittl\u00e4ndern L\u00f6schung von Daten Gesch\u00e4ftliche Leistungen Bereitstellung des Onlineangebotes und Webhosting Kontakt- und Anfragenverwaltung Newsletter und elektronische Benachrichtigungen Pr\u00e4senzen in sozialen Netzwerken (Social Media) \u00c4nderung und Aktualisierung der Datenschutzerkl\u00e4rung Rechte der betroffenen Personen VERANTWORTLICHER Anne Derennes, Berlinale [&hellip;]<\/p>\n","protected":false},"author":2,"featured_media":0,"parent":0,"menu_order":0,"comment_status":"closed","ping_status":"closed","template":"","meta":{"ocean_post_layout":"","ocean_both_sidebars_style":"","ocean_both_sidebars_content_width":0,"ocean_both_sidebars_sidebars_width":0,"ocean_sidebar":"","ocean_second_sidebar":"","ocean_disable_margins":"enable","ocean_add_body_class":"","ocean_shortcode_before_top_bar":"","ocean_shortcode_after_top_bar":"","ocean_shortcode_before_header":"","ocean_shortcode_after_header":"","ocean_has_shortcode":"","ocean_shortcode_after_title":"","ocean_shortcode_before_footer_widgets":"","ocean_shortcode_after_footer_widgets":"","ocean_shortcode_before_footer_bottom":"","ocean_shortcode_after_footer_bottom":"","ocean_display_top_bar":"default","ocean_display_header":"default","ocean_header_style":"","ocean_center_header_left_menu":"","ocean_custom_header_template":"","ocean_custom_logo":0,"ocean_custom_retina_logo":0,"ocean_custom_logo_max_width":0,"ocean_custom_logo_tablet_max_width":0,"ocean_custom_logo_mobile_max_width":0,"ocean_custom_logo_max_height":0,"ocean_custom_logo_tablet_max_height":0,"ocean_custom_logo_mobile_max_height":0,"ocean_header_custom_menu":"","ocean_menu_typo_font_family":"","ocean_menu_typo_font_subset":"","ocean_menu_typo_font_size":0,"ocean_menu_typo_font_size_tablet":0,"ocean_menu_typo_font_size_mobile":0,"ocean_menu_typo_font_size_unit":"px","ocean_menu_typo_font_weight":"","ocean_menu_typo_font_weight_tablet":"","ocean_menu_typo_font_weight_mobile":"","ocean_menu_typo_transform":"","ocean_menu_typo_transform_tablet":"","ocean_menu_typo_transform_mobile":"","ocean_menu_typo_line_height":0,"ocean_menu_typo_line_height_tablet":0,"ocean_menu_typo_line_height_mobile":0,"ocean_menu_typo_line_height_unit":"","ocean_menu_typo_spacing":0,"ocean_menu_typo_spacing_tablet":0,"ocean_menu_typo_spacing_mobile":0,"ocean_menu_typo_spacing_unit":"","ocean_menu_link_color":"","ocean_menu_link_color_hover":"","ocean_menu_link_color_active":"","ocean_menu_link_background":"","ocean_menu_link_hover_background":"","ocean_menu_link_active_background":"","ocean_menu_social_links_bg":"","ocean_menu_social_hover_links_bg":"","ocean_menu_social_links_color":"","ocean_menu_social_hover_links_color":"","ocean_disable_title":"default","ocean_disable_heading":"default","ocean_post_title":"","ocean_post_subheading":"","ocean_post_title_style":"","ocean_post_title_background_color":"","ocean_post_title_background":0,"ocean_post_title_bg_image_position":"","ocean_post_title_bg_image_attachment":"","ocean_post_title_bg_image_repeat":"","ocean_post_title_bg_image_size":"","ocean_post_title_height":0,"ocean_post_title_bg_overlay":0.5,"ocean_post_title_bg_overlay_color":"","ocean_disable_breadcrumbs":"default","ocean_breadcrumbs_color":"","ocean_breadcrumbs_separator_color":"","ocean_breadcrumbs_links_color":"","ocean_breadcrumbs_links_hover_color":"","ocean_display_footer_widgets":"default","ocean_display_footer_bottom":"default","ocean_custom_footer_template":"","footnotes":""},"class_list":["post-92","page","type-page","status-publish","hentry","entry"],"yoast_head":"<!-- This site is optimized with the Yoast SEO plugin v27.5 - https:\/\/yoast.com\/product\/yoast-seo-wordpress\/ -->\n<title>DATENSCHUTZERKL\u00c4RUNG - Berlianne Ilustration<\/title>\n<meta name=\"robots\" content=\"index, follow, max-snippet:-1, max-image-preview:large, max-video-preview:-1\" \/>\n<link rel=\"canonical\" href=\"https:\/\/www.berlianne.com\/de\/datenschutzerklarung\/\" \/>\n<meta property=\"og:locale\" content=\"de_DE\" \/>\n<meta property=\"og:type\" content=\"article\" \/>\n<meta property=\"og:title\" content=\"DATENSCHUTZERKL\u00c4RUNG - Berlianne Ilustration\" \/>\n<meta property=\"og:description\" content=\"Datenschutzerklarung DATENSCHUTZERKL\u00c4RUNG EINLEITUNG Stand: 28. Januar 2023 INHALTS\u00dcBERSICHT Einleitung Verantwortlicher \u00dcbersicht der Verarbeitungen Ma\u00dfgebliche Rechtsgrundlagen Sicherheitsma\u00dfnahmen Datenverarbeitung in Drittl\u00e4ndern L\u00f6schung von Daten Gesch\u00e4ftliche Leistungen Bereitstellung des Onlineangebotes und Webhosting Kontakt- und Anfragenverwaltung Newsletter und elektronische Benachrichtigungen Pr\u00e4senzen in sozialen Netzwerken (Social Media) \u00c4nderung und Aktualisierung der Datenschutzerkl\u00e4rung Rechte der betroffenen Personen VERANTWORTLICHER Anne Derennes, Berlinale [&hellip;]\" \/>\n<meta property=\"og:url\" content=\"https:\/\/www.berlianne.com\/de\/datenschutzerklarung\/\" \/>\n<meta property=\"og:site_name\" content=\"Berlianne Ilustration\" \/>\n<meta property=\"article:modified_time\" content=\"2024-03-12T15:08:49+00:00\" \/>\n<meta name=\"twitter:card\" content=\"summary_large_image\" \/>\n<meta name=\"twitter:label1\" content=\"Gesch\u00e4tzte Lesezeit\" \/>\n\t<meta name=\"twitter:data1\" content=\"17\u00a0Minuten\" \/>\n<script type=\"application\/ld+json\" class=\"yoast-schema-graph\">{\"@context\":\"https:\\\/\\\/schema.org\",\"@graph\":[{\"@type\":\"WebPage\",\"@id\":\"https:\\\/\\\/www.berlianne.com\\\/datenschutzerklarung\\\/\",\"url\":\"https:\\\/\\\/www.berlianne.com\\\/datenschutzerklarung\\\/\",\"name\":\"DATENSCHUTZERKL\u00c4RUNG - Berlianne Ilustration\",\"isPartOf\":{\"@id\":\"https:\\\/\\\/www.berlianne.com\\\/#website\"},\"datePublished\":\"2024-03-11T15:37:00+00:00\",\"dateModified\":\"2024-03-12T15:08:49+00:00\",\"breadcrumb\":{\"@id\":\"https:\\\/\\\/www.berlianne.com\\\/datenschutzerklarung\\\/#breadcrumb\"},\"inLanguage\":\"de\",\"potentialAction\":[{\"@type\":\"ReadAction\",\"target\":[\"https:\\\/\\\/www.berlianne.com\\\/datenschutzerklarung\\\/\"]}]},{\"@type\":\"BreadcrumbList\",\"@id\":\"https:\\\/\\\/www.berlianne.com\\\/datenschutzerklarung\\\/#breadcrumb\",\"itemListElement\":[{\"@type\":\"ListItem\",\"position\":1,\"name\":\"Accueil\",\"item\":\"https:\\\/\\\/www.berlianne.com\\\/\"},{\"@type\":\"ListItem\",\"position\":2,\"name\":\"DATENSCHUTZERKL\u00c4RUNG\"}]},{\"@type\":\"WebSite\",\"@id\":\"https:\\\/\\\/www.berlianne.com\\\/#website\",\"url\":\"https:\\\/\\\/www.berlianne.com\\\/\",\"name\":\"Berlianne Ilustration\",\"description\":\"Illustratrice \u00e0 Berlin\",\"publisher\":{\"@id\":\"https:\\\/\\\/www.berlianne.com\\\/#organization\"},\"potentialAction\":[{\"@type\":\"SearchAction\",\"target\":{\"@type\":\"EntryPoint\",\"urlTemplate\":\"https:\\\/\\\/www.berlianne.com\\\/?s={search_term_string}\"},\"query-input\":{\"@type\":\"PropertyValueSpecification\",\"valueRequired\":true,\"valueName\":\"search_term_string\"}}],\"inLanguage\":\"de\"},{\"@type\":\"Organization\",\"@id\":\"https:\\\/\\\/www.berlianne.com\\\/#organization\",\"name\":\"Berlianne Ilustration\",\"url\":\"https:\\\/\\\/www.berlianne.com\\\/\",\"logo\":{\"@type\":\"ImageObject\",\"inLanguage\":\"de\",\"@id\":\"https:\\\/\\\/www.berlianne.com\\\/#\\\/schema\\\/logo\\\/image\\\/\",\"url\":\"https:\\\/\\\/www.berlianne.com\\\/wp-content\\\/uploads\\\/2024\\\/03\\\/cropped-Logo-blanc_Anne-1.png\",\"contentUrl\":\"https:\\\/\\\/www.berlianne.com\\\/wp-content\\\/uploads\\\/2024\\\/03\\\/cropped-Logo-blanc_Anne-1.png\",\"width\":476,\"height\":477,\"caption\":\"Berlianne Ilustration\"},\"image\":{\"@id\":\"https:\\\/\\\/www.berlianne.com\\\/#\\\/schema\\\/logo\\\/image\\\/\"}}]}<\/script>\n<!-- \/ Yoast SEO plugin. -->","yoast_head_json":{"title":"DATENSCHUTZERKL\u00c4RUNG - Berlianne Ilustration","robots":{"index":"index","follow":"follow","max-snippet":"max-snippet:-1","max-image-preview":"max-image-preview:large","max-video-preview":"max-video-preview:-1"},"canonical":"https:\/\/www.berlianne.com\/de\/datenschutzerklarung\/","og_locale":"de_DE","og_type":"article","og_title":"DATENSCHUTZERKL\u00c4RUNG - Berlianne Ilustration","og_description":"Datenschutzerklarung DATENSCHUTZERKL\u00c4RUNG EINLEITUNG Stand: 28. Januar 2023 INHALTS\u00dcBERSICHT Einleitung Verantwortlicher \u00dcbersicht der Verarbeitungen Ma\u00dfgebliche Rechtsgrundlagen Sicherheitsma\u00dfnahmen Datenverarbeitung in Drittl\u00e4ndern L\u00f6schung von Daten Gesch\u00e4ftliche Leistungen Bereitstellung des Onlineangebotes und Webhosting Kontakt- und Anfragenverwaltung Newsletter und elektronische Benachrichtigungen Pr\u00e4senzen in sozialen Netzwerken (Social Media) \u00c4nderung und Aktualisierung der Datenschutzerkl\u00e4rung Rechte der betroffenen Personen VERANTWORTLICHER Anne Derennes, Berlinale [&hellip;]","og_url":"https:\/\/www.berlianne.com\/de\/datenschutzerklarung\/","og_site_name":"Berlianne Ilustration","article_modified_time":"2024-03-12T15:08:49+00:00","twitter_card":"summary_large_image","twitter_misc":{"Gesch\u00e4tzte Lesezeit":"17\u00a0Minuten"},"schema":{"@context":"https:\/\/schema.org","@graph":[{"@type":"WebPage","@id":"https:\/\/www.berlianne.com\/datenschutzerklarung\/","url":"https:\/\/www.berlianne.com\/datenschutzerklarung\/","name":"DATENSCHUTZERKL\u00c4RUNG - Berlianne Ilustration","isPartOf":{"@id":"https:\/\/www.berlianne.com\/#website"},"datePublished":"2024-03-11T15:37:00+00:00","dateModified":"2024-03-12T15:08:49+00:00","breadcrumb":{"@id":"https:\/\/www.berlianne.com\/datenschutzerklarung\/#breadcrumb"},"inLanguage":"de","potentialAction":[{"@type":"ReadAction","target":["https:\/\/www.berlianne.com\/datenschutzerklarung\/"]}]},{"@type":"BreadcrumbList","@id":"https:\/\/www.berlianne.com\/datenschutzerklarung\/#breadcrumb","itemListElement":[{"@type":"ListItem","position":1,"name":"Accueil","item":"https:\/\/www.berlianne.com\/"},{"@type":"ListItem","position":2,"name":"DATENSCHUTZERKL\u00c4RUNG"}]},{"@type":"WebSite","@id":"https:\/\/www.berlianne.com\/#website","url":"https:\/\/www.berlianne.com\/","name":"Berlianne Ilustration","description":"Illustratrice \u00e0 Berlin","publisher":{"@id":"https:\/\/www.berlianne.com\/#organization"},"potentialAction":[{"@type":"SearchAction","target":{"@type":"EntryPoint","urlTemplate":"https:\/\/www.berlianne.com\/?s={search_term_string}"},"query-input":{"@type":"PropertyValueSpecification","valueRequired":true,"valueName":"search_term_string"}}],"inLanguage":"de"},{"@type":"Organization","@id":"https:\/\/www.berlianne.com\/#organization","name":"Berlianne Ilustration","url":"https:\/\/www.berlianne.com\/","logo":{"@type":"ImageObject","inLanguage":"de","@id":"https:\/\/www.berlianne.com\/#\/schema\/logo\/image\/","url":"https:\/\/www.berlianne.com\/wp-content\/uploads\/2024\/03\/cropped-Logo-blanc_Anne-1.png","contentUrl":"https:\/\/www.berlianne.com\/wp-content\/uploads\/2024\/03\/cropped-Logo-blanc_Anne-1.png","width":476,"height":477,"caption":"Berlianne Ilustration"},"image":{"@id":"https:\/\/www.berlianne.com\/#\/schema\/logo\/image\/"}}]}},"_links":{"self":[{"href":"https:\/\/www.berlianne.com\/de\/wp-json\/wp\/v2\/pages\/92","targetHints":{"allow":["GET"]}}],"collection":[{"href":"https:\/\/www.berlianne.com\/de\/wp-json\/wp\/v2\/pages"}],"about":[{"href":"https:\/\/www.berlianne.com\/de\/wp-json\/wp\/v2\/types\/page"}],"author":[{"embeddable":true,"href":"https:\/\/www.berlianne.com\/de\/wp-json\/wp\/v2\/users\/2"}],"replies":[{"embeddable":true,"href":"https:\/\/www.berlianne.com\/de\/wp-json\/wp\/v2\/comments?post=92"}],"version-history":[{"count":7,"href":"https:\/\/www.berlianne.com\/de\/wp-json\/wp\/v2\/pages\/92\/revisions"}],"predecessor-version":[{"id":302,"href":"https:\/\/www.berlianne.com\/de\/wp-json\/wp\/v2\/pages\/92\/revisions\/302"}],"wp:attachment":[{"href":"https:\/\/www.berlianne.com\/de\/wp-json\/wp\/v2\/media?parent=92"}],"curies":[{"name":"wp","href":"https:\/\/api.w.org\/{rel}","templated":true}]}}