{"id":73,"date":"2024-03-11T16:01:35","date_gmt":"2024-03-11T15:01:35","guid":{"rendered":"https:\/\/www.berlianne.com\/?page_id=73"},"modified":"2025-03-10T11:45:42","modified_gmt":"2025-03-10T10:45:42","slug":"portfolio-illustration-berlin","status":"publish","type":"page","link":"https:\/\/www.berlianne.com\/de\/portfolio-illustration-berlin\/","title":{"rendered":"Portfolio | Illustration Berlin"},"content":{"rendered":"<div data-elementor-type=\"wp-page\" data-elementor-id=\"73\" class=\"elementor elementor-73\">\n\t\t\t\t<div class=\"elementor-element elementor-element-3237666 e-flex e-con-boxed e-con e-parent\" data-id=\"3237666\" data-element_type=\"container\" data-e-type=\"container\" data-settings=\"{&quot;background_background&quot;:&quot;classic&quot;}\">\n\t\t\t\t\t<div class=\"e-con-inner\">\n\t\t<div class=\"elementor-element elementor-element-8f55a8b e-con-full e-flex e-con e-child\" data-id=\"8f55a8b\" data-element_type=\"container\" data-e-type=\"container\">\n\t\t<div class=\"elementor-element elementor-element-f256309 e-con-full e-flex e-con e-child\" data-id=\"f256309\" data-element_type=\"container\" data-e-type=\"container\">\n\t\t\t\t<div class=\"elementor-element elementor-element-008c5af elementor-position-top elementor-widget elementor-widget-image-box\" data-id=\"008c5af\" data-element_type=\"widget\" data-e-type=\"widget\" data-widget_type=\"image-box.default\">\n\t\t\t\t<div class=\"elementor-widget-container\">\n\t\t\t\t\t<div class=\"elementor-image-box-wrapper\"><figure class=\"elementor-image-box-img\"><img decoding=\"async\" src=\"https:\/\/www.berlianne.com\/wp-content\/uploads\/elementor\/thumbs\/IMG_9619-r2ng05ed6o1we51amwti1c2jfkfxbl2s49obrxghag.jpeg\" title=\"IMG_9619\" alt=\"IMG_9619\" loading=\"lazy\" \/><\/figure><div class=\"elementor-image-box-content\"><h4 class=\"elementor-image-box-title\">Carton d\u2018invitation anniversaire yoga - septembre 2024<\/h4><p class=\"elementor-image-box-description\">Einladungskarte Yoga-Geburtstag - September 2024<\/p><\/div><\/div>\t\t\t\t<\/div>\n\t\t\t\t<\/div>\n\t\t\t\t<\/div>\n\t\t<div class=\"elementor-element elementor-element-8ff506f e-con-full e-flex e-con e-child\" data-id=\"8ff506f\" data-element_type=\"container\" data-e-type=\"container\">\n\t\t\t\t<div class=\"elementor-element elementor-element-26fa355 elementor-position-top elementor-widget elementor-widget-image-box\" data-id=\"26fa355\" data-element_type=\"widget\" data-e-type=\"widget\" data-widget_type=\"image-box.default\">\n\t\t\t\t<div class=\"elementor-widget-container\">\n\t\t\t\t\t<div class=\"elementor-image-box-wrapper\"><figure class=\"elementor-image-box-img\"><img decoding=\"async\" src=\"https:\/\/www.berlianne.com\/wp-content\/uploads\/elementor\/thumbs\/IMG_9617-r2nftr3wo9andobszn9wkg6lw5yzxqojklud74xxmw.jpeg\" title=\"IMG_9617\" alt=\"IMG_9617\" loading=\"lazy\" \/><\/figure><div class=\"elementor-image-box-content\"><h4 class=\"elementor-image-box-title\">Illustration personnalis\u00e9e format A1 \u201eLes mondes sous-marins\u201c - Septembre 2024<\/h4><p class=\"elementor-image-box-description\">Personalisierte Illustration im Format A1 \u201eUnterwasserwelten\u201c - September 2024<\/p><\/div><\/div>\t\t\t\t<\/div>\n\t\t\t\t<\/div>\n\t\t\t\t<\/div>\n\t\t<div class=\"elementor-element elementor-element-1aa2136 e-con-full e-flex e-con e-child\" data-id=\"1aa2136\" data-element_type=\"container\" data-e-type=\"container\">\n\t\t\t\t<div class=\"elementor-element elementor-element-9ec2274 elementor-position-top elementor-widget elementor-widget-image-box\" data-id=\"9ec2274\" data-element_type=\"widget\" data-e-type=\"widget\" data-widget_type=\"image-box.default\">\n\t\t\t\t<div class=\"elementor-widget-container\">\n\t\t\t\t\t<div class=\"elementor-image-box-wrapper\"><figure class=\"elementor-image-box-img\"><img decoding=\"async\" src=\"https:\/\/www.berlianne.com\/wp-content\/uploads\/elementor\/thumbs\/IMG_8153-qtnqjf7bzmbsnc3ye1fwjxsyq4fby6zlhnn9vuybgo.jpeg\" title=\"IMG_8153\" alt=\"IMG_8153\" loading=\"lazy\" \/><\/figure><div class=\"elementor-image-box-content\"><h4 class=\"elementor-image-box-title\">Comic Club pour les enfants \u00e0 la librairie \"Le Grenier \u00e0 Bulles\" \u00e0 Berlin - Septembre 2024<\/h4><p class=\"elementor-image-box-description\">Comic Club f\u00fcr Kinder bei der Buchhandlung Le Grenier \u00e0 Bulles in Berlin - September 2024<\/p><\/div><\/div>\t\t\t\t<\/div>\n\t\t\t\t<\/div>\n\t\t\t\t<\/div>\n\t\t\t\t<\/div>\n\t\t\t\t\t<\/div>\n\t\t\t\t<\/div>\n\t\t<div class=\"elementor-element elementor-element-cd2b8e4 e-flex e-con-boxed e-con e-parent\" data-id=\"cd2b8e4\" data-element_type=\"container\" data-e-type=\"container\" data-settings=\"{&quot;background_background&quot;:&quot;classic&quot;}\">\n\t\t\t\t\t<div class=\"e-con-inner\">\n\t\t<div class=\"elementor-element elementor-element-f5ff1e3 e-con-full e-flex e-con e-child\" data-id=\"f5ff1e3\" data-element_type=\"container\" data-e-type=\"container\">\n\t\t<div class=\"elementor-element elementor-element-03da528 e-con-full e-flex e-con e-child\" data-id=\"03da528\" data-element_type=\"container\" data-e-type=\"container\">\n\t\t\t\t<div class=\"elementor-element elementor-element-3057d7e elementor-position-top elementor-widget elementor-widget-image-box\" data-id=\"3057d7e\" data-element_type=\"widget\" data-e-type=\"widget\" data-widget_type=\"image-box.default\">\n\t\t\t\t<div class=\"elementor-widget-container\">\n\t\t\t\t\t<div class=\"elementor-image-box-wrapper\"><figure class=\"elementor-image-box-img\"><img decoding=\"async\" src=\"https:\/\/www.berlianne.com\/wp-content\/uploads\/elementor\/thumbs\/IMG_7859-scaled-qtnq11gyc95xlut5q3ejsksgiv0xfa0kaodg127h54.jpeg\" title=\"IMG_7859\" alt=\"IMG_7859\" loading=\"lazy\" \/><\/figure><div class=\"elementor-image-box-content\"><h4 class=\"elementor-image-box-title\">Illustration personnalis\u00e9e pour particulier - Format A4 - August 2024<\/h4><p class=\"elementor-image-box-description\">Pers\u00f6nliche Illustration f\u00fcr einer Privat Person. A4 Format - August 2024<\/p><\/div><\/div>\t\t\t\t<\/div>\n\t\t\t\t<\/div>\n\t\t\t\t<\/div>\n\t\t<div class=\"elementor-element elementor-element-ebbc71f e-con-full e-flex e-con e-child\" data-id=\"ebbc71f\" data-element_type=\"container\" data-e-type=\"container\">\n\t\t\t\t<div class=\"elementor-element elementor-element-92d93e8 elementor-position-top elementor-widget elementor-widget-image-box\" data-id=\"92d93e8\" data-element_type=\"widget\" data-e-type=\"widget\" data-widget_type=\"image-box.default\">\n\t\t\t\t<div class=\"elementor-widget-container\">\n\t\t\t\t\t<div class=\"elementor-image-box-wrapper\"><figure class=\"elementor-image-box-img\"><img decoding=\"async\" src=\"https:\/\/www.berlianne.com\/wp-content\/uploads\/elementor\/thumbs\/IMG_8150-qtnq6g1jmykad4yj5xibmpovhmdwomh01feydc6zd4.jpeg\" title=\"IMG_8150\" alt=\"IMG_8150\" loading=\"lazy\" \/><\/figure><div class=\"elementor-image-box-content\"><h4 class=\"elementor-image-box-title\">Workshop d'illustration digital \u00e0 la BSCI Comic School de Berlin - Octobre 2024<\/h4><p class=\"elementor-image-box-description\">Digitaler Illustrationsworkshop an der BSCI Comic School in Berlin - Oktober 2024<\/p><\/div><\/div>\t\t\t\t<\/div>\n\t\t\t\t<\/div>\n\t\t\t\t<\/div>\n\t\t<div class=\"elementor-element elementor-element-bd109be e-con-full e-flex e-con e-child\" data-id=\"bd109be\" data-element_type=\"container\" data-e-type=\"container\">\n\t\t\t\t<div class=\"elementor-element elementor-element-e70f953 elementor-position-top elementor-widget elementor-widget-image-box\" data-id=\"e70f953\" data-element_type=\"widget\" data-e-type=\"widget\" data-widget_type=\"image-box.default\">\n\t\t\t\t<div class=\"elementor-widget-container\">\n\t\t\t\t\t<div class=\"elementor-image-box-wrapper\"><figure class=\"elementor-image-box-img\"><img decoding=\"async\" src=\"https:\/\/www.berlianne.com\/wp-content\/uploads\/elementor\/thumbs\/IMG_8149-qtnq4m8uck27sfm3u52fs6alwne7pt7sgdqyrywjgo.jpeg\" title=\"IMG_8149\" alt=\"IMG_8149\" loading=\"lazy\" \/><\/figure><div class=\"elementor-image-box-content\"><h4 class=\"elementor-image-box-title\">Workshop d'illustration digital \u00e0 la BSCI Comic School de Berlin - Juillet 2024<\/h4><p class=\"elementor-image-box-description\">Digitaler Illustrationsworkshop an der BSCI Comic School in Berlin - July 2024<\/p><\/div><\/div>\t\t\t\t<\/div>\n\t\t\t\t<\/div>\n\t\t\t\t<\/div>\n\t\t\t\t<\/div>\n\t\t\t\t\t<\/div>\n\t\t\t\t<\/div>\n\t\t<div class=\"elementor-element elementor-element-a67752f e-flex e-con-boxed e-con e-parent\" data-id=\"a67752f\" data-element_type=\"container\" data-e-type=\"container\" data-settings=\"{&quot;background_background&quot;:&quot;classic&quot;}\">\n\t\t\t\t\t<div class=\"e-con-inner\">\n\t\t<div class=\"elementor-element elementor-element-05c28b3 e-con-full e-flex e-con e-child\" data-id=\"05c28b3\" data-element_type=\"container\" data-e-type=\"container\">\n\t\t<div class=\"elementor-element elementor-element-e10f18f e-con-full e-flex e-con e-child\" data-id=\"e10f18f\" data-element_type=\"container\" data-e-type=\"container\">\n\t\t\t\t<div class=\"elementor-element elementor-element-6509b51 elementor-position-top elementor-widget elementor-widget-image-box\" data-id=\"6509b51\" data-element_type=\"widget\" data-e-type=\"widget\" data-widget_type=\"image-box.default\">\n\t\t\t\t<div class=\"elementor-widget-container\">\n\t\t\t\t\t<div class=\"elementor-image-box-wrapper\"><figure class=\"elementor-image-box-img\"><img decoding=\"async\" src=\"https:\/\/www.berlianne.com\/wp-content\/uploads\/elementor\/thumbs\/IMG_7365-scaled-qo2cqpokrozgbkkxi07fe1fuwy9n0r0xboo3jpfzwo.jpeg\" title=\"IMG_7365\" alt=\"IMG_7365\" loading=\"lazy\" \/><\/figure><div class=\"elementor-image-box-content\"><h4 class=\"elementor-image-box-title\">Collaboration avec l\u2018artiste bretonne Miss Alien Art (Mix Media). Disponible en Print A4. Avril 2024<\/h4><p class=\"elementor-image-box-description\">Zusammenarbeit mit der bretonischen K\u00fcnstlerin Miss Alien Art (Mix Media). Erh\u00e4ltlich als Print A4. April 2024<\/p><\/div><\/div>\t\t\t\t<\/div>\n\t\t\t\t<\/div>\n\t\t\t\t<\/div>\n\t\t<div class=\"elementor-element elementor-element-b177019 e-con-full e-flex e-con e-child\" data-id=\"b177019\" data-element_type=\"container\" data-e-type=\"container\">\n\t\t\t\t<div class=\"elementor-element elementor-element-c39afbf elementor-position-top elementor-widget elementor-widget-image-box\" data-id=\"c39afbf\" data-element_type=\"widget\" data-e-type=\"widget\" data-widget_type=\"image-box.default\">\n\t\t\t\t<div class=\"elementor-widget-container\">\n\t\t\t\t\t<div class=\"elementor-image-box-wrapper\"><figure class=\"elementor-image-box-img\"><img decoding=\"async\" src=\"https:\/\/www.berlianne.com\/wp-content\/uploads\/elementor\/thumbs\/Rallyeenfant_directioonberlin_final-qo2cp4cf6ssyncw7stf6nxwqog48z7parsvh9tt0g8.png\" title=\"Rallyeenfant_directioonberlin_final\" alt=\"Rallyeenfant_directioonberlin_final\" loading=\"lazy\" \/><\/figure><div class=\"elementor-image-box-content\"><h4 class=\"elementor-image-box-title\">Illustration pour le rallye des enfants \u00e0 Berlin, organis\u00e9 par Direction Berlin. Mars 2023<\/h4><p class=\"elementor-image-box-description\">Illustration f\u00fcr eine Kinderrallye in Berlin, organisiert von Direction Berlin. M\u00e4rz 2023<\/p><\/div><\/div>\t\t\t\t<\/div>\n\t\t\t\t<\/div>\n\t\t\t\t<\/div>\n\t\t<div class=\"elementor-element elementor-element-771c857 e-con-full e-flex e-con e-child\" data-id=\"771c857\" data-element_type=\"container\" data-e-type=\"container\">\n\t\t\t\t<div class=\"elementor-element elementor-element-aeee3ae elementor-position-top elementor-widget elementor-widget-image-box\" data-id=\"aeee3ae\" data-element_type=\"widget\" data-e-type=\"widget\" data-widget_type=\"image-box.default\">\n\t\t\t\t<div class=\"elementor-widget-container\">\n\t\t\t\t\t<div class=\"elementor-image-box-wrapper\"><figure class=\"elementor-image-box-img\"><img decoding=\"async\" src=\"https:\/\/www.berlianne.com\/wp-content\/uploads\/elementor\/thumbs\/IMG_7275-scaled-qo2cnw609l4hhoodysbpwr22rc5zxftwxq7nptmiko.jpeg\" title=\"IMG_7275\" alt=\"IMG_7275\" loading=\"lazy\" \/><\/figure><div class=\"elementor-image-box-content\"><h4 class=\"elementor-image-box-title\">Intervention au lyc\u00e9e fran\u00e7ais de Berlin pour le forum des m\u00e9tiers. Mars 2024<\/h4><p class=\"elementor-image-box-description\">Vortrag am Franz\u00f6sischen Gymnasium in Berlin f\u00fcr das Forum des m\u00e9tiers. M\u00e4rz 2024<\/p><\/div><\/div>\t\t\t\t<\/div>\n\t\t\t\t<\/div>\n\t\t\t\t<\/div>\n\t\t\t\t<\/div>\n\t\t\t\t\t<\/div>\n\t\t\t\t<\/div>\n\t\t<div class=\"elementor-element elementor-element-96363f5 e-flex e-con-boxed e-con e-parent\" data-id=\"96363f5\" data-element_type=\"container\" data-e-type=\"container\" data-settings=\"{&quot;background_background&quot;:&quot;classic&quot;}\">\n\t\t\t\t\t<div class=\"e-con-inner\">\n\t\t<div class=\"elementor-element elementor-element-d50e076 e-con-full e-flex e-con e-child\" data-id=\"d50e076\" data-element_type=\"container\" data-e-type=\"container\">\n\t\t<div class=\"elementor-element elementor-element-455ab69 e-con-full e-flex e-con e-child\" data-id=\"455ab69\" data-element_type=\"container\" data-e-type=\"container\">\n\t\t\t\t<div class=\"elementor-element elementor-element-deed4c9 elementor-position-top elementor-widget elementor-widget-image-box\" data-id=\"deed4c9\" data-element_type=\"widget\" data-e-type=\"widget\" data-widget_type=\"image-box.default\">\n\t\t\t\t<div class=\"elementor-widget-container\">\n\t\t\t\t\t<div class=\"elementor-image-box-wrapper\"><figure class=\"elementor-image-box-img\"><img decoding=\"async\" src=\"https:\/\/www.berlianne.com\/wp-content\/uploads\/elementor\/thumbs\/Rechauffement-qo2crpefzecckr51pfn90sfdhldl58yq4lgjs7z1c8.png\" title=\"R\u00e9chauffement\" alt=\"R\u00e9chauffement\" loading=\"lazy\" \/><\/figure><div class=\"elementor-image-box-content\"><h4 class=\"elementor-image-box-title\">Challenge d\u2018illustration #marchpourleclimat sur Instagram, organis\u00e9 par l\u2018artiste Nicolas Bourgun. Mars 2024<\/h4><p class=\"elementor-image-box-description\">Illustrations-Challenge #marchpourleclimat auf Instagram, organisiert von dem K\u00fcnstler Nicolas Bourgun. M\u00e4rz 2024<\/p><\/div><\/div>\t\t\t\t<\/div>\n\t\t\t\t<\/div>\n\t\t\t\t<\/div>\n\t\t<div class=\"elementor-element elementor-element-a2f6418 e-con-full e-flex e-con e-child\" data-id=\"a2f6418\" data-element_type=\"container\" data-e-type=\"container\">\n\t\t\t\t<div class=\"elementor-element elementor-element-4c96f11 elementor-position-top elementor-widget elementor-widget-image-box\" data-id=\"4c96f11\" data-element_type=\"widget\" data-e-type=\"widget\" data-widget_type=\"image-box.default\">\n\t\t\t\t<div class=\"elementor-widget-container\">\n\t\t\t\t\t<div class=\"elementor-image-box-wrapper\"><figure class=\"elementor-image-box-img\"><img decoding=\"async\" src=\"https:\/\/www.berlianne.com\/wp-content\/uploads\/elementor\/thumbs\/IMG_7002-scaled-ql3x1rv7mq8kdfhpp9xfzyef8rlli523jfbfprulqg.jpeg\" title=\"IMG_7002\" alt=\"IMG_7002\" loading=\"lazy\" \/><\/figure><div class=\"elementor-image-box-content\"><h4 class=\"elementor-image-box-title\">Illustration personnalis\u00e9e sur les instruments de la neurochirurgie. Poster A2. F\u00e9vrier 2024<\/h4><p class=\"elementor-image-box-description\">Pers\u00f6nliche Illustration zu den Instrumenten der Neurochirurgie. A2-Poster. Februar 2024<\/p><\/div><\/div>\t\t\t\t<\/div>\n\t\t\t\t<\/div>\n\t\t\t\t<\/div>\n\t\t<div class=\"elementor-element elementor-element-2b6f6a5 e-con-full e-flex e-con e-child\" data-id=\"2b6f6a5\" data-element_type=\"container\" data-e-type=\"container\">\n\t\t\t\t<div class=\"elementor-element elementor-element-2a3de87 elementor-position-top elementor-widget elementor-widget-image-box\" data-id=\"2a3de87\" data-element_type=\"widget\" data-e-type=\"widget\" data-widget_type=\"image-box.default\">\n\t\t\t\t<div class=\"elementor-widget-container\">\n\t\t\t\t\t<div class=\"elementor-image-box-wrapper\"><figure class=\"elementor-image-box-img\"><img decoding=\"async\" src=\"https:\/\/www.berlianne.com\/wp-content\/uploads\/elementor\/thumbs\/IMG_7094-ql3x09ckmc5xo1owjmd2zc5osf2b3p1nzxh9vq3frc.jpeg\" title=\"IMG_7094\" alt=\"IMG_7094\" loading=\"lazy\" \/><\/figure><div class=\"elementor-image-box-content\"><h4 class=\"elementor-image-box-title\">Cr\u00e9ation d\u2018une Wimmelbild pour les Jeux olympiques sp\u00e9ciaux de Th\u00fcringen, en collaboration avec Helliwood M\u00e9dia et la Shufa. Janvier 2024<\/h4><p class=\"elementor-image-box-description\">Erstellung eines Wimmelbilds f\u00fcr die Special Olympics in Th\u00fcringen in Zusammenarbeit mit Helliwood Media und der Shufa. Januar 2024<\/p><\/div><\/div>\t\t\t\t<\/div>\n\t\t\t\t<\/div>\n\t\t\t\t<\/div>\n\t\t\t\t<\/div>\n\t\t\t\t\t<\/div>\n\t\t\t\t<\/div>\n\t\t<div class=\"elementor-element elementor-element-b39b0e6 e-flex e-con-boxed e-con e-parent\" data-id=\"b39b0e6\" data-element_type=\"container\" data-e-type=\"container\" data-settings=\"{&quot;background_background&quot;:&quot;classic&quot;}\">\n\t\t\t\t\t<div class=\"e-con-inner\">\n\t\t<div class=\"elementor-element elementor-element-bd5616b e-con-full e-flex e-con e-child\" data-id=\"bd5616b\" data-element_type=\"container\" data-e-type=\"container\">\n\t\t<div class=\"elementor-element elementor-element-b9bf7d3 e-con-full e-flex e-con e-child\" data-id=\"b9bf7d3\" data-element_type=\"container\" data-e-type=\"container\">\n\t\t\t\t<div class=\"elementor-element elementor-element-d4b593b elementor-position-top elementor-widget elementor-widget-image-box\" data-id=\"d4b593b\" data-element_type=\"widget\" data-e-type=\"widget\" data-widget_type=\"image-box.default\">\n\t\t\t\t<div class=\"elementor-widget-container\">\n\t\t\t\t\t<div class=\"elementor-image-box-wrapper\"><figure class=\"elementor-image-box-img\"><img decoding=\"async\" src=\"https:\/\/www.berlianne.com\/wp-content\/uploads\/elementor\/thumbs\/IMG_6883-scaled-ql3x250yaeqkvyylkfm7yv2vk5sqhwic98g8fnb3bc.jpeg\" title=\"IMG_6883\" alt=\"IMG_6883\" loading=\"lazy\" \/><\/figure><div class=\"elementor-image-box-content\"><h4 class=\"elementor-image-box-title\">Identit\u00e9 visuelle des \u00e9v\u00e9nements de Networking Franco-allemands Berlink. Th\u00e9matique : Berlin est une f\u00eate. F\u00e9vrier 2024<\/h4><p class=\"elementor-image-box-description\">Visuelle Identit\u00e4t der deutsch-franz\u00f6sischen Networking-Events Berlink. Thematik: Berlin ist ein Fest. Februar 2024<\/p><\/div><\/div>\t\t\t\t<\/div>\n\t\t\t\t<\/div>\n\t\t\t\t<\/div>\n\t\t<div class=\"elementor-element elementor-element-eb568d1 e-con-full e-flex e-con e-child\" data-id=\"eb568d1\" data-element_type=\"container\" data-e-type=\"container\">\n\t\t\t\t<div class=\"elementor-element elementor-element-7ec0506 elementor-position-top elementor-widget elementor-widget-image-box\" data-id=\"7ec0506\" data-element_type=\"widget\" data-e-type=\"widget\" data-widget_type=\"image-box.default\">\n\t\t\t\t<div class=\"elementor-widget-container\">\n\t\t\t\t\t<div class=\"elementor-image-box-wrapper\"><figure class=\"elementor-image-box-img\"><img decoding=\"async\" src=\"https:\/\/www.berlianne.com\/wp-content\/uploads\/elementor\/thumbs\/IMG_6970-ql3wsef5h7emlf3vfq2dmtjxzfstqsugl144ffqxs8.jpeg\" title=\"IMG_6970\" alt=\"IMG_6970\" loading=\"lazy\" \/><\/figure><div class=\"elementor-image-box-content\"><h4 class=\"elementor-image-box-title\">Deuxi\u00e8me session du Comic Club. Atelier de BD pour les enfants dans la librairie Le Grenier \u00e0 Bulles, \u00e0 Berlin. F\u00e9vrier 2024<\/h4><p class=\"elementor-image-box-description\">Zweite Sitzung des Comic Clubs. Comic-Workshop f\u00fcr Kinder in der Buchhandlung Le Grenier \u00e0 Bulles in Berlin. Februar 2024<\/p><\/div><\/div>\t\t\t\t<\/div>\n\t\t\t\t<\/div>\n\t\t\t\t<\/div>\n\t\t<div class=\"elementor-element elementor-element-6f2ac77 e-con-full e-flex e-con e-child\" data-id=\"6f2ac77\" data-element_type=\"container\" data-e-type=\"container\">\n\t\t\t\t<div class=\"elementor-element elementor-element-7767a46 elementor-position-top elementor-widget elementor-widget-image-box\" data-id=\"7767a46\" data-element_type=\"widget\" data-e-type=\"widget\" data-widget_type=\"image-box.default\">\n\t\t\t\t<div class=\"elementor-widget-container\">\n\t\t\t\t\t<div class=\"elementor-image-box-wrapper\"><figure class=\"elementor-image-box-img\"><img decoding=\"async\" src=\"https:\/\/www.berlianne.com\/wp-content\/uploads\/elementor\/thumbs\/IMG_7093-scaled-ql3wsx7x9w4d1mckdy6x0ot5v5860qx3bm5u0yz2bs.jpeg\" title=\"IMG_7093\" alt=\"IMG_7093\" loading=\"lazy\" \/><\/figure><div class=\"elementor-image-box-content\"><h4 class=\"elementor-image-box-title\">Cr\u00e9ation de 10 avatars professionnels pour Cr\u00e9Archives. Janvier 2024<\/h4><p class=\"elementor-image-box-description\">Erstellung von 10 professionellen Avataren f\u00fcr Cr\u00e9Archives. Januar 2024<\/p><\/div><\/div>\t\t\t\t<\/div>\n\t\t\t\t<\/div>\n\t\t\t\t<\/div>\n\t\t\t\t<\/div>\n\t\t\t\t\t<\/div>\n\t\t\t\t<\/div>\n\t\t<div class=\"elementor-element elementor-element-3d12bea e-flex e-con-boxed e-con e-parent\" data-id=\"3d12bea\" data-element_type=\"container\" data-e-type=\"container\" data-settings=\"{&quot;background_background&quot;:&quot;classic&quot;}\">\n\t\t\t\t\t<div class=\"e-con-inner\">\n\t\t<div class=\"elementor-element elementor-element-a081ec3 e-con-full e-flex e-con e-child\" data-id=\"a081ec3\" data-element_type=\"container\" data-e-type=\"container\">\n\t\t<div class=\"elementor-element elementor-element-da7b4b2 e-con-full e-flex e-con e-child\" data-id=\"da7b4b2\" data-element_type=\"container\" data-e-type=\"container\">\n\t\t\t\t<div class=\"elementor-element elementor-element-f9d1bb5 elementor-position-top elementor-widget elementor-widget-image-box\" data-id=\"f9d1bb5\" data-element_type=\"widget\" data-e-type=\"widget\" data-widget_type=\"image-box.default\">\n\t\t\t\t<div class=\"elementor-widget-container\">\n\t\t\t\t\t<div class=\"elementor-image-box-wrapper\"><figure class=\"elementor-image-box-img\"><img decoding=\"async\" src=\"https:\/\/www.berlianne.com\/wp-content\/uploads\/elementor\/thumbs\/IMG_7105-scaled-qo2cip44hk0fba83b1gymk9cjnrydo7bw0e17rbuyw.jpeg\" title=\"IMG_7105\" alt=\"IMG_7105\" loading=\"lazy\" \/><\/figure><\/div>\t\t\t\t<\/div>\n\t\t\t\t<\/div>\n\t\t\t\t<\/div>\n\t\t<div class=\"elementor-element elementor-element-d9f3d82 e-con-full e-flex e-con e-child\" data-id=\"d9f3d82\" data-element_type=\"container\" data-e-type=\"container\">\n\t\t\t\t<div class=\"elementor-element elementor-element-22b4bbf elementor-position-top elementor-widget elementor-widget-image-box\" data-id=\"22b4bbf\" data-element_type=\"widget\" data-e-type=\"widget\" data-widget_type=\"image-box.default\">\n\t\t\t\t<div class=\"elementor-widget-container\">\n\t\t\t\t\t<div class=\"elementor-image-box-wrapper\"><figure class=\"elementor-image-box-img\"><img decoding=\"async\" src=\"https:\/\/www.berlianne.com\/wp-content\/uploads\/elementor\/thumbs\/IMG_6836-ql3wr5awd5ov44xer6kab4xtgxz7hbvcetste5lu2w.jpeg\" title=\"IMG_6836\" alt=\"IMG_6836\" loading=\"lazy\" \/><\/figure><div class=\"elementor-image-box-content\"><h4 class=\"elementor-image-box-title\">Cr\u00e9ation de l\u2018affiche et des Flyers pour un pop-up store de Noel \u00e0 Kreuzberg, \u00e0 Berlin, dans la boutique Mijas. D\u00e9cembre 2023<\/h4><p class=\"elementor-image-box-description\">Gestaltung des Posters und der Flyer f\u00fcr einen weihnachtlichen Pop-up-Store in Kreuzberg, Berlin, in der Boutique Mijas. Dezember 2023<\/p><\/div><\/div>\t\t\t\t<\/div>\n\t\t\t\t<\/div>\n\t\t\t\t<\/div>\n\t\t<div class=\"elementor-element elementor-element-612aa0e e-con-full e-flex e-con e-child\" data-id=\"612aa0e\" data-element_type=\"container\" data-e-type=\"container\">\n\t\t\t\t<div class=\"elementor-element elementor-element-3ab3bc0 elementor-position-top elementor-widget elementor-widget-image-box\" data-id=\"3ab3bc0\" data-element_type=\"widget\" data-e-type=\"widget\" data-widget_type=\"image-box.default\">\n\t\t\t\t<div class=\"elementor-widget-container\">\n\t\t\t\t\t<div class=\"elementor-image-box-wrapper\"><figure class=\"elementor-image-box-img\"><img decoding=\"async\" src=\"https:\/\/www.berlianne.com\/wp-content\/uploads\/elementor\/thumbs\/IMG_7095-ql3wrxi226rgsfsg6ir3dxtnai47w8zaipddsgg0w8.jpeg\" title=\"IMG_7095\" alt=\"IMG_7095\" loading=\"lazy\" \/><\/figure><div class=\"elementor-image-box-content\"><h4 class=\"elementor-image-box-title\">Exposition collective \u00e0 la Galerie couleur des arts, \u00e0 Morlaix. D\u00e9cembre 2023<\/h4><p class=\"elementor-image-box-description\">Ausstellung in der Galerie Couleurs des Arts in Morlaix. Dezember 2023<\/p><\/div><\/div>\t\t\t\t<\/div>\n\t\t\t\t<\/div>\n\t\t\t\t<\/div>\n\t\t\t\t<\/div>\n\t\t\t\t\t<\/div>\n\t\t\t\t<\/div>\n\t\t<div class=\"elementor-element elementor-element-e1a23b8 e-flex e-con-boxed e-con e-parent\" data-id=\"e1a23b8\" data-element_type=\"container\" data-e-type=\"container\" data-settings=\"{&quot;background_background&quot;:&quot;classic&quot;}\">\n\t\t\t\t\t<div class=\"e-con-inner\">\n\t\t<div class=\"elementor-element elementor-element-49cc5fc e-con-full e-flex e-con e-child\" data-id=\"49cc5fc\" data-element_type=\"container\" data-e-type=\"container\">\n\t\t<div class=\"elementor-element elementor-element-63031f9 e-con-full e-flex e-con e-child\" data-id=\"63031f9\" data-element_type=\"container\" data-e-type=\"container\">\n\t\t\t\t<div class=\"elementor-element elementor-element-ac34d10 elementor-position-top elementor-widget elementor-widget-image-box\" data-id=\"ac34d10\" data-element_type=\"widget\" data-e-type=\"widget\" data-widget_type=\"image-box.default\">\n\t\t\t\t<div class=\"elementor-widget-container\">\n\t\t\t\t\t<div class=\"elementor-image-box-wrapper\"><figure class=\"elementor-image-box-img\"><img decoding=\"async\" src=\"https:\/\/www.berlianne.com\/wp-content\/uploads\/elementor\/thumbs\/360DC464-5C0C-4D64-A68F-135195784761-1-qo2cjj6yk95lmt0efeh0uco3jznp7ziqo59kkm39fs.jpeg\" title=\"360DC464-5C0C-4D64-A68F-135195784761 (1)\" alt=\"360DC464-5C0C-4D64-A68F-135195784761 (1)\" loading=\"lazy\" \/><\/figure><div class=\"elementor-image-box-content\"><h4 class=\"elementor-image-box-title\">BD Les Shifteurs - Concours de BD #popyourcomics pour le festival d\u2018Angoul\u00eame - D\u00e9cembre 2023<\/h4><p class=\"elementor-image-box-description\">Comic Les Shifteurs - #popyourcomics Comic-Wettbewerb f\u00fcr das Festival in Angoul\u00eame - Dezember 2023<\/p><\/div><\/div>\t\t\t\t<\/div>\n\t\t\t\t<\/div>\n\t\t\t\t<\/div>\n\t\t<div class=\"elementor-element elementor-element-dd2e122 e-con-full e-flex e-con e-child\" data-id=\"dd2e122\" data-element_type=\"container\" data-e-type=\"container\">\n\t\t\t\t<div class=\"elementor-element elementor-element-77fd620 elementor-position-top elementor-widget elementor-widget-image-box\" data-id=\"77fd620\" data-element_type=\"widget\" data-e-type=\"widget\" data-widget_type=\"image-box.default\">\n\t\t\t\t<div class=\"elementor-widget-container\">\n\t\t\t\t\t<div class=\"elementor-image-box-wrapper\"><figure class=\"elementor-image-box-img\"><img decoding=\"async\" src=\"https:\/\/www.berlianne.com\/wp-content\/uploads\/elementor\/thumbs\/IMG_7096-ql3wqxs6uhekj98bz3b9r6u4pv09rr1hpskxjxwzgo.jpeg\" title=\"IMG_7096\" alt=\"IMG_7096\" loading=\"lazy\" \/><\/figure><div class=\"elementor-image-box-content\"><h4 class=\"elementor-image-box-title\">Projet de parrainage des classes de secondes germanistes \u00e0 Lorient, au lyc\u00e9e Saint Louis. Novembre 2023<\/h4><p class=\"elementor-image-box-description\">Patenschaftsprojekt f\u00fcr die germanistischen Klassen in Lorient am Lyc\u00e9e Saint Louis. November 2023<\/p><\/div><\/div>\t\t\t\t<\/div>\n\t\t\t\t<\/div>\n\t\t\t\t<\/div>\n\t\t<div class=\"elementor-element elementor-element-de0c3ce e-con-full e-flex e-con e-child\" data-id=\"de0c3ce\" data-element_type=\"container\" data-e-type=\"container\">\n\t\t\t\t<div class=\"elementor-element elementor-element-093b474 elementor-position-top elementor-widget elementor-widget-image-box\" data-id=\"093b474\" data-element_type=\"widget\" data-e-type=\"widget\" data-widget_type=\"image-box.default\">\n\t\t\t\t<div class=\"elementor-widget-container\">\n\t\t\t\t\t<div class=\"elementor-image-box-wrapper\"><figure class=\"elementor-image-box-img\"><img decoding=\"async\" src=\"https:\/\/www.berlianne.com\/wp-content\/uploads\/elementor\/thumbs\/8888F76E-1B99-4D3B-896B-67B9D929B387-1-qo2cj8uqh2rg33ff3s04kxa10r2nvbdoyq38akilc8.jpeg\" title=\"8888F76E-1B99-4D3B-896B-67B9D929B387 (1)\" alt=\"8888F76E-1B99-4D3B-896B-67B9D929B387 (1)\" loading=\"lazy\" \/><\/figure><div class=\"elementor-image-box-content\"><h4 class=\"elementor-image-box-title\">Cr\u00e9ation de l\u2019identit\u00e9 visuelle pour le cabinet de psychologie de Julien Deprez. Les th\u00e8mes : \u00e9nergie et connexion avec la nature. Novembre 2023<\/h4><p class=\"elementor-image-box-description\">Visuelle Identit\u00e4t f\u00fcr den Praxis f\u00fcr Psychologie von Julien Deprez. Die Themen : Energie und Verbindung mit der Natur. November 2023<\/p><\/div><\/div>\t\t\t\t<\/div>\n\t\t\t\t<\/div>\n\t\t\t\t<\/div>\n\t\t\t\t<\/div>\n\t\t\t\t\t<\/div>\n\t\t\t\t<\/div>\n\t\t<div class=\"elementor-element elementor-element-ec275e3 e-flex e-con-boxed e-con e-parent\" data-id=\"ec275e3\" data-element_type=\"container\" data-e-type=\"container\" data-settings=\"{&quot;background_background&quot;:&quot;classic&quot;}\">\n\t\t\t\t\t<div class=\"e-con-inner\">\n\t\t<div class=\"elementor-element elementor-element-0f44c78 e-con-full e-flex e-con e-child\" data-id=\"0f44c78\" data-element_type=\"container\" data-e-type=\"container\">\n\t\t<div class=\"elementor-element elementor-element-2bcac99 e-con-full e-flex e-con e-child\" data-id=\"2bcac99\" data-element_type=\"container\" data-e-type=\"container\">\n\t\t\t\t<div class=\"elementor-element elementor-element-24bcbc0 elementor-position-top elementor-widget elementor-widget-image-box\" data-id=\"24bcbc0\" data-element_type=\"widget\" data-e-type=\"widget\" data-widget_type=\"image-box.default\">\n\t\t\t\t<div class=\"elementor-widget-container\">\n\t\t\t\t\t<div class=\"elementor-image-box-wrapper\"><figure class=\"elementor-image-box-img\"><img decoding=\"async\" src=\"https:\/\/www.berlianne.com\/wp-content\/uploads\/elementor\/thumbs\/IMG_7100-ql3wq9cdwsh45e7txsqyyd059ucq7mcgyfmb2qx7yg.jpeg\" title=\"IMG_7100\" alt=\"IMG_7100\" loading=\"lazy\" \/><\/figure><div class=\"elementor-image-box-content\"><h4 class=\"elementor-image-box-title\">Street Art Carpe Koi - Collaboration avec l\u2018artiste Seboh au Mauerpark de Berlin. Octobre 2023<\/h4><p class=\"elementor-image-box-description\">Street Art Carpe Koi - Zusammenarbeit mit dem K\u00fcnstler Seboh in Mauerpark in Berlin. Oktober 2023<\/p><\/div><\/div>\t\t\t\t<\/div>\n\t\t\t\t<\/div>\n\t\t\t\t<\/div>\n\t\t<div class=\"elementor-element elementor-element-5de6eca e-con-full e-flex e-con e-child\" data-id=\"5de6eca\" data-element_type=\"container\" data-e-type=\"container\">\n\t\t\t\t<div class=\"elementor-element elementor-element-3614889 elementor-position-top elementor-widget elementor-widget-image-box\" data-id=\"3614889\" data-element_type=\"widget\" data-e-type=\"widget\" data-widget_type=\"image-box.default\">\n\t\t\t\t<div class=\"elementor-widget-container\">\n\t\t\t\t\t<div class=\"elementor-image-box-wrapper\"><figure class=\"elementor-image-box-img\"><img decoding=\"async\" src=\"https:\/\/www.berlianne.com\/wp-content\/uploads\/elementor\/thumbs\/IMG_7101-scaled-ql3wqr7bin5k9zhw1igvrqhwk5wp9vbdcw0j706qo8.jpeg\" title=\"IMG_7101\" alt=\"IMG_7101\" loading=\"lazy\" \/><\/figure><div class=\"elementor-image-box-content\"><h4 class=\"elementor-image-box-title\">Challenge #B\u00e4rlinktober sur Instagram : une illustration tous les trois jours en octobre sur le th\u00e8me de Berlin. Chaque th\u00e8me est propos\u00e9 par une personne qui habite ou entretien un lien avec Berlin. Les prints et cartes postales sont disponibles sur mon e-Shop.Octobre 2023 (2eme \u00e9dition).<\/h4><p class=\"elementor-image-box-description\">Challenge #B\u00e4rlinktober auf Instagram: Alle drei Tage im Oktober eine Illustration zum Thema Berlin. Jedes Thema wird von einer Person vorgeschlagen, die in Berlin lebt oder eine Verbindung zu Berlin unterh\u00e4lt. Prints und Postkarten sind auf meinem e-Shop erh\u00e4ltlich. Oktober 2023 (2. Ausgabe)<\/p><\/div><\/div>\t\t\t\t<\/div>\n\t\t\t\t<\/div>\n\t\t\t\t<\/div>\n\t\t<div class=\"elementor-element elementor-element-e47e091 e-con-full e-flex e-con e-child\" data-id=\"e47e091\" data-element_type=\"container\" data-e-type=\"container\">\n\t\t\t\t<div class=\"elementor-element elementor-element-9074768 elementor-position-top elementor-widget elementor-widget-image-box\" data-id=\"9074768\" data-element_type=\"widget\" data-e-type=\"widget\" data-widget_type=\"image-box.default\">\n\t\t\t\t<div class=\"elementor-widget-container\">\n\t\t\t\t\t<div class=\"elementor-image-box-wrapper\"><figure class=\"elementor-image-box-img\"><img decoding=\"async\" src=\"https:\/\/www.berlianne.com\/wp-content\/uploads\/elementor\/thumbs\/IMG_7103-1-ql3wq5l15gbyuydajr4godyawav9ctxjlx0d5n2snc.jpeg\" title=\"IMG_7103 (1)\" alt=\"IMG_7103 (1)\" loading=\"lazy\" \/><\/figure><div class=\"elementor-image-box-content\"><h4 class=\"elementor-image-box-title\">7 circuits berlinois cr\u00e9\u00e9s pour Direction Berlin. Septembre 2023<\/h4><p class=\"elementor-image-box-description\">7 Berlin-Touren, die f\u00fcr Direction Berlin erstellt wurden. September 2023<\/p><\/div><\/div>\t\t\t\t<\/div>\n\t\t\t\t<\/div>\n\t\t\t\t<\/div>\n\t\t\t\t<\/div>\n\t\t\t\t\t<\/div>\n\t\t\t\t<\/div>\n\t\t<div class=\"elementor-element elementor-element-480a1c3 e-flex e-con-boxed e-con e-parent\" data-id=\"480a1c3\" data-element_type=\"container\" data-e-type=\"container\" data-settings=\"{&quot;background_background&quot;:&quot;classic&quot;}\">\n\t\t\t\t\t<div class=\"e-con-inner\">\n\t\t<div class=\"elementor-element elementor-element-743a55e e-con-full e-flex e-con e-child\" data-id=\"743a55e\" data-element_type=\"container\" data-e-type=\"container\">\n\t\t<div class=\"elementor-element elementor-element-9eb8014 e-con-full e-flex e-con e-child\" data-id=\"9eb8014\" data-element_type=\"container\" data-e-type=\"container\">\n\t\t\t\t<div class=\"elementor-element elementor-element-8db73ec elementor-position-top elementor-widget elementor-widget-image-box\" data-id=\"8db73ec\" data-element_type=\"widget\" data-e-type=\"widget\" data-widget_type=\"image-box.default\">\n\t\t\t\t<div class=\"elementor-widget-container\">\n\t\t\t\t\t<div class=\"elementor-image-box-wrapper\"><figure class=\"elementor-image-box-img\"><img decoding=\"async\" src=\"https:\/\/www.berlianne.com\/wp-content\/uploads\/elementor\/thumbs\/IMG_7104-ql3wpddvgf9d6ni94exnll2h2qq8xwtli1fsrc8lu0.jpeg\" title=\"IMG_7104\" alt=\"IMG_7104\" loading=\"lazy\" \/><\/figure><div class=\"elementor-image-box-content\"><h4 class=\"elementor-image-box-title\">Illustration d\u2019une fresque pour les Jeux Olympiques Sp\u00e9ciaux de Berlin une application Web en collaboration avec la Shufa et Helliwood Media. Juin 2023<\/h4><p class=\"elementor-image-box-description\">Illustration eines Wimmelbildes f\u00fcr die Special Olympics in Berlin f\u00fcr eine Web App in Zusammenarbeit mit der Shufa und Helliwood Media. Juni 2023<\/p><\/div><\/div>\t\t\t\t<\/div>\n\t\t\t\t<\/div>\n\t\t\t\t<\/div>\n\t\t\t\t<\/div>\n\t\t\t\t\t<\/div>\n\t\t\t\t<\/div>\n\t\t\t\t<\/div>","protected":false},"excerpt":{"rendered":"<p>Carton d\u2018invitation anniversaire yoga &#8211; septembre 2024 Einladungskarte Yoga-Geburtstag &#8211; September 2024 Illustration personnalis\u00e9e format A1 \u201eLes mondes sous-marins\u201c &#8211; Septembre 2024 Personalisierte Illustration im Format A1 \u201eUnterwasserwelten\u201c &#8211; September 2024 Comic Club pour les enfants \u00e0 la librairie \u00ab\u00a0Le Grenier \u00e0 Bulles\u00a0\u00bb \u00e0 Berlin &#8211; Septembre 2024 Comic Club f\u00fcr Kinder bei der Buchhandlung [&hellip;]<\/p>\n","protected":false},"author":2,"featured_media":0,"parent":0,"menu_order":0,"comment_status":"closed","ping_status":"closed","template":"","meta":{"ocean_post_layout":"","ocean_both_sidebars_style":"","ocean_both_sidebars_content_width":0,"ocean_both_sidebars_sidebars_width":0,"ocean_sidebar":"","ocean_second_sidebar":"","ocean_disable_margins":"enable","ocean_add_body_class":"","ocean_shortcode_before_top_bar":"","ocean_shortcode_after_top_bar":"","ocean_shortcode_before_header":"","ocean_shortcode_after_header":"","ocean_has_shortcode":"","ocean_shortcode_after_title":"","ocean_shortcode_before_footer_widgets":"","ocean_shortcode_after_footer_widgets":"","ocean_shortcode_before_footer_bottom":"","ocean_shortcode_after_footer_bottom":"","ocean_display_top_bar":"default","ocean_display_header":"default","ocean_header_style":"","ocean_center_header_left_menu":"","ocean_custom_header_template":"","ocean_custom_logo":0,"ocean_custom_retina_logo":0,"ocean_custom_logo_max_width":0,"ocean_custom_logo_tablet_max_width":0,"ocean_custom_logo_mobile_max_width":0,"ocean_custom_logo_max_height":0,"ocean_custom_logo_tablet_max_height":0,"ocean_custom_logo_mobile_max_height":0,"ocean_header_custom_menu":"","ocean_menu_typo_font_family":"","ocean_menu_typo_font_subset":"","ocean_menu_typo_font_size":0,"ocean_menu_typo_font_size_tablet":0,"ocean_menu_typo_font_size_mobile":0,"ocean_menu_typo_font_size_unit":"px","ocean_menu_typo_font_weight":"","ocean_menu_typo_font_weight_tablet":"","ocean_menu_typo_font_weight_mobile":"","ocean_menu_typo_transform":"","ocean_menu_typo_transform_tablet":"","ocean_menu_typo_transform_mobile":"","ocean_menu_typo_line_height":0,"ocean_menu_typo_line_height_tablet":0,"ocean_menu_typo_line_height_mobile":0,"ocean_menu_typo_line_height_unit":"","ocean_menu_typo_spacing":0,"ocean_menu_typo_spacing_tablet":0,"ocean_menu_typo_spacing_mobile":0,"ocean_menu_typo_spacing_unit":"","ocean_menu_link_color":"","ocean_menu_link_color_hover":"","ocean_menu_link_color_active":"","ocean_menu_link_background":"","ocean_menu_link_hover_background":"","ocean_menu_link_active_background":"","ocean_menu_social_links_bg":"","ocean_menu_social_hover_links_bg":"","ocean_menu_social_links_color":"","ocean_menu_social_hover_links_color":"","ocean_disable_title":"default","ocean_disable_heading":"default","ocean_post_title":"","ocean_post_subheading":"","ocean_post_title_style":"","ocean_post_title_background_color":"","ocean_post_title_background":0,"ocean_post_title_bg_image_position":"","ocean_post_title_bg_image_attachment":"","ocean_post_title_bg_image_repeat":"","ocean_post_title_bg_image_size":"","ocean_post_title_height":0,"ocean_post_title_bg_overlay":0.5,"ocean_post_title_bg_overlay_color":"","ocean_disable_breadcrumbs":"default","ocean_breadcrumbs_color":"","ocean_breadcrumbs_separator_color":"","ocean_breadcrumbs_links_color":"","ocean_breadcrumbs_links_hover_color":"","ocean_display_footer_widgets":"default","ocean_display_footer_bottom":"default","ocean_custom_footer_template":"","footnotes":""},"class_list":["post-73","page","type-page","status-publish","hentry","entry"],"yoast_head":"<!-- This site is optimized with the Yoast SEO plugin v27.5 - https:\/\/yoast.com\/product\/yoast-seo-wordpress\/ -->\n<title>Portfolio | Berlianne Ilustration<\/title>\n<meta name=\"description\" content=\"D\u00e9couvrez l&#039;ensembles des illustrations cr\u00e9es par l&#039;illustratrice Berlianne \u00e0 Berlin.\" \/>\n<meta name=\"robots\" content=\"index, follow, max-snippet:-1, max-image-preview:large, max-video-preview:-1\" \/>\n<link rel=\"canonical\" href=\"https:\/\/www.berlianne.com\/de\/portfolio-illustration-berlin\/\" \/>\n<meta property=\"og:locale\" content=\"de_DE\" \/>\n<meta property=\"og:type\" content=\"article\" \/>\n<meta property=\"og:title\" content=\"Portfolio | Berlianne Ilustration\" \/>\n<meta property=\"og:description\" content=\"D\u00e9couvrez l&#039;ensembles des illustrations cr\u00e9es par l&#039;illustratrice Berlianne \u00e0 Berlin.\" \/>\n<meta property=\"og:url\" content=\"https:\/\/www.berlianne.com\/de\/portfolio-illustration-berlin\/\" \/>\n<meta property=\"og:site_name\" content=\"Berlianne Ilustration\" \/>\n<meta property=\"article:modified_time\" content=\"2025-03-10T10:45:42+00:00\" \/>\n<meta property=\"og:image\" content=\"https:\/\/www.berlianne.com\/wp-content\/uploads\/elementor\/thumbs\/IMG_9619-r2ng05ed6o1we51amwti1c2jfkfxbl2s49obrxghag.jpeg\" \/>\n<meta name=\"twitter:card\" content=\"summary_large_image\" \/>\n<meta name=\"twitter:label1\" content=\"Gesch\u00e4tzte Lesezeit\" \/>\n\t<meta name=\"twitter:data1\" content=\"9\u00a0Minuten\" \/>\n<script type=\"application\/ld+json\" class=\"yoast-schema-graph\">{\"@context\":\"https:\\\/\\\/schema.org\",\"@graph\":[{\"@type\":\"WebPage\",\"@id\":\"https:\\\/\\\/www.berlianne.com\\\/portfolio-illustration-berlin\\\/\",\"url\":\"https:\\\/\\\/www.berlianne.com\\\/portfolio-illustration-berlin\\\/\",\"name\":\"Portfolio | Berlianne Ilustration\",\"isPartOf\":{\"@id\":\"https:\\\/\\\/www.berlianne.com\\\/#website\"},\"primaryImageOfPage\":{\"@id\":\"https:\\\/\\\/www.berlianne.com\\\/portfolio-illustration-berlin\\\/#primaryimage\"},\"image\":{\"@id\":\"https:\\\/\\\/www.berlianne.com\\\/portfolio-illustration-berlin\\\/#primaryimage\"},\"thumbnailUrl\":\"https:\\\/\\\/www.berlianne.com\\\/wp-content\\\/uploads\\\/elementor\\\/thumbs\\\/IMG_9619-r2ng05ed6o1we51amwti1c2jfkfxbl2s49obrxghag.jpeg\",\"datePublished\":\"2024-03-11T15:01:35+00:00\",\"dateModified\":\"2025-03-10T10:45:42+00:00\",\"description\":\"D\u00e9couvrez l'ensembles des illustrations cr\u00e9es par l'illustratrice Berlianne \u00e0 Berlin.\",\"breadcrumb\":{\"@id\":\"https:\\\/\\\/www.berlianne.com\\\/portfolio-illustration-berlin\\\/#breadcrumb\"},\"inLanguage\":\"de\",\"potentialAction\":[{\"@type\":\"ReadAction\",\"target\":[\"https:\\\/\\\/www.berlianne.com\\\/portfolio-illustration-berlin\\\/\"]}]},{\"@type\":\"ImageObject\",\"inLanguage\":\"de\",\"@id\":\"https:\\\/\\\/www.berlianne.com\\\/portfolio-illustration-berlin\\\/#primaryimage\",\"url\":\"https:\\\/\\\/www.berlianne.com\\\/wp-content\\\/uploads\\\/elementor\\\/thumbs\\\/IMG_9619-r2ng05ed6o1we51amwti1c2jfkfxbl2s49obrxghag.jpeg\",\"contentUrl\":\"https:\\\/\\\/www.berlianne.com\\\/wp-content\\\/uploads\\\/elementor\\\/thumbs\\\/IMG_9619-r2ng05ed6o1we51amwti1c2jfkfxbl2s49obrxghag.jpeg\"},{\"@type\":\"BreadcrumbList\",\"@id\":\"https:\\\/\\\/www.berlianne.com\\\/portfolio-illustration-berlin\\\/#breadcrumb\",\"itemListElement\":[{\"@type\":\"ListItem\",\"position\":1,\"name\":\"Accueil\",\"item\":\"https:\\\/\\\/www.berlianne.com\\\/\"},{\"@type\":\"ListItem\",\"position\":2,\"name\":\"Portfolio | Illustration Berlin\"}]},{\"@type\":\"WebSite\",\"@id\":\"https:\\\/\\\/www.berlianne.com\\\/#website\",\"url\":\"https:\\\/\\\/www.berlianne.com\\\/\",\"name\":\"Berlianne Ilustration\",\"description\":\"Illustratrice \u00e0 Berlin\",\"publisher\":{\"@id\":\"https:\\\/\\\/www.berlianne.com\\\/#organization\"},\"potentialAction\":[{\"@type\":\"SearchAction\",\"target\":{\"@type\":\"EntryPoint\",\"urlTemplate\":\"https:\\\/\\\/www.berlianne.com\\\/?s={search_term_string}\"},\"query-input\":{\"@type\":\"PropertyValueSpecification\",\"valueRequired\":true,\"valueName\":\"search_term_string\"}}],\"inLanguage\":\"de\"},{\"@type\":\"Organization\",\"@id\":\"https:\\\/\\\/www.berlianne.com\\\/#organization\",\"name\":\"Berlianne Ilustration\",\"url\":\"https:\\\/\\\/www.berlianne.com\\\/\",\"logo\":{\"@type\":\"ImageObject\",\"inLanguage\":\"de\",\"@id\":\"https:\\\/\\\/www.berlianne.com\\\/#\\\/schema\\\/logo\\\/image\\\/\",\"url\":\"https:\\\/\\\/www.berlianne.com\\\/wp-content\\\/uploads\\\/2024\\\/03\\\/cropped-Logo-blanc_Anne-1.png\",\"contentUrl\":\"https:\\\/\\\/www.berlianne.com\\\/wp-content\\\/uploads\\\/2024\\\/03\\\/cropped-Logo-blanc_Anne-1.png\",\"width\":476,\"height\":477,\"caption\":\"Berlianne Ilustration\"},\"image\":{\"@id\":\"https:\\\/\\\/www.berlianne.com\\\/#\\\/schema\\\/logo\\\/image\\\/\"}}]}<\/script>\n<!-- \/ Yoast SEO plugin. -->","yoast_head_json":{"title":"Portfolio | Berlianne Ilustration","description":"D\u00e9couvrez l'ensembles des illustrations cr\u00e9es par l'illustratrice Berlianne \u00e0 Berlin.","robots":{"index":"index","follow":"follow","max-snippet":"max-snippet:-1","max-image-preview":"max-image-preview:large","max-video-preview":"max-video-preview:-1"},"canonical":"https:\/\/www.berlianne.com\/de\/portfolio-illustration-berlin\/","og_locale":"de_DE","og_type":"article","og_title":"Portfolio | Berlianne Ilustration","og_description":"D\u00e9couvrez l'ensembles des illustrations cr\u00e9es par l'illustratrice Berlianne \u00e0 Berlin.","og_url":"https:\/\/www.berlianne.com\/de\/portfolio-illustration-berlin\/","og_site_name":"Berlianne Ilustration","article_modified_time":"2025-03-10T10:45:42+00:00","og_image":[{"url":"https:\/\/www.berlianne.com\/wp-content\/uploads\/elementor\/thumbs\/IMG_9619-r2ng05ed6o1we51amwti1c2jfkfxbl2s49obrxghag.jpeg","type":"","width":"","height":""}],"twitter_card":"summary_large_image","twitter_misc":{"Gesch\u00e4tzte Lesezeit":"9\u00a0Minuten"},"schema":{"@context":"https:\/\/schema.org","@graph":[{"@type":"WebPage","@id":"https:\/\/www.berlianne.com\/portfolio-illustration-berlin\/","url":"https:\/\/www.berlianne.com\/portfolio-illustration-berlin\/","name":"Portfolio | Berlianne Ilustration","isPartOf":{"@id":"https:\/\/www.berlianne.com\/#website"},"primaryImageOfPage":{"@id":"https:\/\/www.berlianne.com\/portfolio-illustration-berlin\/#primaryimage"},"image":{"@id":"https:\/\/www.berlianne.com\/portfolio-illustration-berlin\/#primaryimage"},"thumbnailUrl":"https:\/\/www.berlianne.com\/wp-content\/uploads\/elementor\/thumbs\/IMG_9619-r2ng05ed6o1we51amwti1c2jfkfxbl2s49obrxghag.jpeg","datePublished":"2024-03-11T15:01:35+00:00","dateModified":"2025-03-10T10:45:42+00:00","description":"D\u00e9couvrez l'ensembles des illustrations cr\u00e9es par l'illustratrice Berlianne \u00e0 Berlin.","breadcrumb":{"@id":"https:\/\/www.berlianne.com\/portfolio-illustration-berlin\/#breadcrumb"},"inLanguage":"de","potentialAction":[{"@type":"ReadAction","target":["https:\/\/www.berlianne.com\/portfolio-illustration-berlin\/"]}]},{"@type":"ImageObject","inLanguage":"de","@id":"https:\/\/www.berlianne.com\/portfolio-illustration-berlin\/#primaryimage","url":"https:\/\/www.berlianne.com\/wp-content\/uploads\/elementor\/thumbs\/IMG_9619-r2ng05ed6o1we51amwti1c2jfkfxbl2s49obrxghag.jpeg","contentUrl":"https:\/\/www.berlianne.com\/wp-content\/uploads\/elementor\/thumbs\/IMG_9619-r2ng05ed6o1we51amwti1c2jfkfxbl2s49obrxghag.jpeg"},{"@type":"BreadcrumbList","@id":"https:\/\/www.berlianne.com\/portfolio-illustration-berlin\/#breadcrumb","itemListElement":[{"@type":"ListItem","position":1,"name":"Accueil","item":"https:\/\/www.berlianne.com\/"},{"@type":"ListItem","position":2,"name":"Portfolio | Illustration Berlin"}]},{"@type":"WebSite","@id":"https:\/\/www.berlianne.com\/#website","url":"https:\/\/www.berlianne.com\/","name":"Berlianne Ilustration","description":"Illustratrice \u00e0 Berlin","publisher":{"@id":"https:\/\/www.berlianne.com\/#organization"},"potentialAction":[{"@type":"SearchAction","target":{"@type":"EntryPoint","urlTemplate":"https:\/\/www.berlianne.com\/?s={search_term_string}"},"query-input":{"@type":"PropertyValueSpecification","valueRequired":true,"valueName":"search_term_string"}}],"inLanguage":"de"},{"@type":"Organization","@id":"https:\/\/www.berlianne.com\/#organization","name":"Berlianne Ilustration","url":"https:\/\/www.berlianne.com\/","logo":{"@type":"ImageObject","inLanguage":"de","@id":"https:\/\/www.berlianne.com\/#\/schema\/logo\/image\/","url":"https:\/\/www.berlianne.com\/wp-content\/uploads\/2024\/03\/cropped-Logo-blanc_Anne-1.png","contentUrl":"https:\/\/www.berlianne.com\/wp-content\/uploads\/2024\/03\/cropped-Logo-blanc_Anne-1.png","width":476,"height":477,"caption":"Berlianne Ilustration"},"image":{"@id":"https:\/\/www.berlianne.com\/#\/schema\/logo\/image\/"}}]}},"_links":{"self":[{"href":"https:\/\/www.berlianne.com\/de\/wp-json\/wp\/v2\/pages\/73","targetHints":{"allow":["GET"]}}],"collection":[{"href":"https:\/\/www.berlianne.com\/de\/wp-json\/wp\/v2\/pages"}],"about":[{"href":"https:\/\/www.berlianne.com\/de\/wp-json\/wp\/v2\/types\/page"}],"author":[{"embeddable":true,"href":"https:\/\/www.berlianne.com\/de\/wp-json\/wp\/v2\/users\/2"}],"replies":[{"embeddable":true,"href":"https:\/\/www.berlianne.com\/de\/wp-json\/wp\/v2\/comments?post=73"}],"version-history":[{"count":103,"href":"https:\/\/www.berlianne.com\/de\/wp-json\/wp\/v2\/pages\/73\/revisions"}],"predecessor-version":[{"id":483,"href":"https:\/\/www.berlianne.com\/de\/wp-json\/wp\/v2\/pages\/73\/revisions\/483"}],"wp:attachment":[{"href":"https:\/\/www.berlianne.com\/de\/wp-json\/wp\/v2\/media?parent=73"}],"curies":[{"name":"wp","href":"https:\/\/api.w.org\/{rel}","templated":true}]}}